{"id":4,"date":"2021-09-23T13:29:47","date_gmt":"2021-09-23T11:29:47","guid":{"rendered":"https:\/\/styrke.no\/ess\/?page_id=4"},"modified":"2026-03-03T16:03:24","modified_gmt":"2026-03-03T15:03:24","slug":"forside","status":"publish","type":"page","link":"https:\/\/styrke.no\/ess\/","title":{"rendered":"Forside"},"content":{"rendered":"\t<div class=\"hero alignfull is-style-default is-style-default wp-block-dekode-hero has-background has-primary-200-background-color\">\n\t\t<div class=\"hero__inner\">\n\t\t\t<div class=\"hero__media\">\n\t\t\t\t\n\t\t<div class=\"illustration\">\n\t\t<img loading=\"lazy\" decoding=\"async\" width=\"768\" height=\"1024\" src=\"https:\/\/styrke.no\/content\/uploads\/sites\/34\/2026\/02\/ekkofisk.jpg1_-768x1024.jpg\" class=\"illustration__image\" alt=\"\" style=\"object-position: 50% 50%\" srcset=\"https:\/\/styrke.no\/content\/uploads\/sites\/34\/2026\/02\/ekkofisk.jpg1_-768x1024.jpg 768w, https:\/\/styrke.no\/content\/uploads\/sites\/34\/2026\/02\/ekkofisk.jpg1_-225x300.jpg 225w, https:\/\/styrke.no\/content\/uploads\/sites\/34\/2026\/02\/ekkofisk.jpg1_-1152x1536.jpg 1152w, https:\/\/styrke.no\/content\/uploads\/sites\/34\/2026\/02\/ekkofisk.jpg1_-scaled.jpg 1536w\" \/>\t<\/div>\n\t\t\n\t\t\t<\/div>\n\n\t\t\t<div class=\"hero__content\">\n\t\t\t\t<h1 class=\"hero__title\">Velkommen til den nye hjemmesiden til Styrke klubben ESS<\/h1>\t\t\t\t\t<p>Nytt slagord!<\/p>\n\t\t\t\t\t\t\t\t\t\t<div class=\"wp-block-buttons is-layout-flex wp-block-buttons-is-layout-flex\">\n\t\t\t\t\t\t<div class=\"wp-block-button\"><a class=\"wp-block-button__link wp-element-button\" href=\"https:\/\/styrke.no\/medlemskap\/\" target=\"_blank\">Innmelding<\/a><\/div><div class=\"wp-block-button is-style-secondary\"><a class=\"wp-block-button__link wp-element-button\" href=\"https:\/\/styrke.no\/\" target=\"_blank\">Hovedsiden Styrke<\/a><\/div>\t\t\t\t\t<\/div>\n\t\t\t\t\t\t\t\t<\/div>\n\t\t<\/div>\n\t<\/div>\n\t\n\n\n\t<div class=\"dekode-featured-news alignfull wp-block-dekode-featured-news\">\n\t\t<div class=\"dekode-featured-news__inner\">\n\t\t\t\t\t\t\t<h2>Nyheter<\/h2>\n\t\t\t\t\t\t\n\t\t\t<div class=\"t2-featured-content-layout wp-block-t2-featured-content-layout\">\n\t\t\t\t<div class=\"t2-featured-single-post t2-featured-content is-post-type-news wp-block-t2-featured-single-post t2-featured-content-layout-col-12\"><a class=\"t2-post-link wp-block-t2-post-link\" href=\"https:\/\/styrke.no\/ess\/nyhet\/presentasjon-av-det-nye-klubb-styret\/\">\n<figure style=\"--t2-focal-point: 50% 50%\" class=\"t2-post-featured-image has-image-ratio-16-9 wp-block-t2-post-featured-image\"><img loading=\"lazy\" decoding=\"async\" width=\"1024\" height=\"550\" src=\"https:\/\/styrke.no\/content\/uploads\/sites\/34\/2026\/03\/20260304_101809-1024x550.jpg\" class=\"attachment-large size-large wp-post-image\" alt=\"\" srcset=\"https:\/\/styrke.no\/content\/uploads\/sites\/34\/2026\/03\/20260304_101809-1024x550.jpg 1024w, https:\/\/styrke.no\/content\/uploads\/sites\/34\/2026\/03\/20260304_101809-300x161.jpg 300w, https:\/\/styrke.no\/content\/uploads\/sites\/34\/2026\/03\/20260304_101809-768x412.jpg 768w, https:\/\/styrke.no\/content\/uploads\/sites\/34\/2026\/03\/20260304_101809-1536x825.jpg 1536w, https:\/\/styrke.no\/content\/uploads\/sites\/34\/2026\/03\/20260304_101809-scaled.jpg 2048w\" \/><\/figure>\n\n<div class=\"wp-block-group alignfull is-layout-flow wp-block-group-is-layout-flow\">\n\t<div class=\"wp-block-post-date\">mars 04, 2026<\/div>\n\t<h2 class=\"t2-post-title wp-block-t2-post-title\">Presentasjon av det nye klubb styret<\/h2>\n\t<div class=\"t2-post-excerpt wp-block-t2-post-excerpt\"><p>Da har \u00e5rsm\u00f8te valgt nytt klubb styre<\/p><\/div>\n\t<div class=\"dekode-post-category wp-block-dekode-post-category\"><\/div>\n<\/div>\n\n<\/a>\n<\/div><div class=\"t2-featured-single-post t2-featured-content is-post-type-news wp-block-t2-featured-single-post t2-featured-content-layout-col-6\"><a class=\"t2-post-link wp-block-t2-post-link\" href=\"https:\/\/styrke.no\/ess\/nyhet\/arsmote-2026-2\/\">\n<figure style=\"--t2-focal-point: 50% 50%\" class=\"t2-post-featured-image has-image-ratio-16-9 wp-block-t2-post-featured-image\"><img loading=\"lazy\" decoding=\"async\" width=\"1024\" height=\"572\" src=\"https:\/\/styrke.no\/content\/uploads\/sites\/34\/2026\/03\/37878-1-1024x572.jpg\" class=\"attachment-large size-large wp-post-image\" alt=\"\" srcset=\"https:\/\/styrke.no\/content\/uploads\/sites\/34\/2026\/03\/37878-1-1024x572.jpg 1024w, https:\/\/styrke.no\/content\/uploads\/sites\/34\/2026\/03\/37878-1-300x168.jpg 300w, https:\/\/styrke.no\/content\/uploads\/sites\/34\/2026\/03\/37878-1-768x429.jpg 768w, https:\/\/styrke.no\/content\/uploads\/sites\/34\/2026\/03\/37878-1-1536x858.jpg 1536w, https:\/\/styrke.no\/content\/uploads\/sites\/34\/2026\/03\/37878-1-scaled.jpg 2048w\" \/><\/figure>\n\n<div class=\"wp-block-group alignfull is-layout-flow wp-block-group-is-layout-flow\">\n\t<div class=\"wp-block-post-date\">mars 03, 2026<\/div>\n\t<h2 class=\"t2-post-title wp-block-t2-post-title\">\u00c5rsm\u00f8te 2026<\/h2>\n\t<div class=\"t2-post-excerpt wp-block-t2-post-excerpt\"><p>\u00c5rsm\u00f8te i Styrke klubben ESS har startet<\/p><\/div>\n\t<div class=\"dekode-post-category wp-block-dekode-post-category\"><\/div>\n<\/div>\n\n<\/a>\n<\/div><div class=\"t2-featured-single-post t2-featured-content is-post-type-news wp-block-t2-featured-single-post t2-featured-content-layout-col-6\"><a class=\"t2-post-link wp-block-t2-post-link\" href=\"https:\/\/styrke.no\/ess\/nyhet\/arsmote-2026\/\">\n<figure style=\"--t2-focal-point: 50% 50%\" class=\"t2-post-featured-image has-image-ratio-16-9 wp-block-t2-post-featured-image\"><img loading=\"lazy\" decoding=\"async\" width=\"1000\" height=\"473\" src=\"https:\/\/styrke.no\/content\/uploads\/sites\/34\/2021\/12\/Scandic-Forus.jpg\" class=\"attachment-large size-large wp-post-image\" alt=\"\" srcset=\"https:\/\/styrke.no\/content\/uploads\/sites\/34\/2021\/12\/Scandic-Forus.jpg 1000w, https:\/\/styrke.no\/content\/uploads\/sites\/34\/2021\/12\/Scandic-Forus-300x142.jpg 300w, https:\/\/styrke.no\/content\/uploads\/sites\/34\/2021\/12\/Scandic-Forus-768x363.jpg 768w\" \/><\/figure>\n\n<div class=\"wp-block-group alignfull is-layout-flow wp-block-group-is-layout-flow\">\n\t<div class=\"wp-block-post-date\">februar 25, 2026<\/div>\n\t<h2 class=\"t2-post-title wp-block-t2-post-title\">\u00c5rsm\u00f8te 2026<\/h2>\n\t<div class=\"t2-post-excerpt wp-block-t2-post-excerpt\"><p>Styrke klubben ESS avholder \u00e5rsm\u00f8te p\u00e5 Scandic Forus 3 til 4 mars 2026.<\/p><\/div>\n\t<div class=\"dekode-post-category wp-block-dekode-post-category\"><\/div>\n<\/div>\n\n<\/a>\n<\/div><div class=\"t2-featured-single-post t2-featured-content is-post-type-news wp-block-t2-featured-single-post t2-featured-content-layout-col-3\"><a class=\"t2-post-link wp-block-t2-post-link\" href=\"https:\/\/styrke.no\/ess\/nyhet\/verve-kampanje\/\">\n<figure style=\"--t2-focal-point: 50% 50%\" class=\"t2-post-featured-image has-image-ratio-16-9 wp-block-t2-post-featured-image\"><img loading=\"lazy\" decoding=\"async\" width=\"1024\" height=\"681\" src=\"https:\/\/styrke.no\/content\/uploads\/sites\/34\/2021\/11\/news-dummy-img.jpg\" class=\"attachment-large size-large wp-post-image\" alt=\"\" srcset=\"https:\/\/styrke.no\/content\/uploads\/sites\/34\/2021\/11\/news-dummy-img.jpg 1024w, https:\/\/styrke.no\/content\/uploads\/sites\/34\/2021\/11\/news-dummy-img-300x200.jpg 300w, https:\/\/styrke.no\/content\/uploads\/sites\/34\/2021\/11\/news-dummy-img-768x511.jpg 768w\" \/><\/figure>\n\n<div class=\"wp-block-group alignfull is-layout-flow wp-block-group-is-layout-flow\">\n\t<div class=\"wp-block-post-date\">februar 25, 2026<\/div>\n\t<h2 class=\"t2-post-title wp-block-t2-post-title\">Verve kampanje<\/h2>\n\t<div class=\"t2-post-excerpt wp-block-t2-post-excerpt\"><p>Vi kj\u00f8rer p\u00e5 med verve kampanje!<\/p><\/div>\n\t<div class=\"dekode-post-category wp-block-dekode-post-category\"><\/div>\n<\/div>\n\n<\/a>\n<\/div>\t\t\t<\/div>\n\n\t\t\t\t\t\t\t<div class=\"wp-block-button is-style-inline\"><a class=\"wp-block-button__link\" href=\"https:\/\/styrke.no\/ess\/nyheter\/\">Vis alle nyheter<\/a><\/div>\n\t\t\t\n\t\t\t\t\t<\/div>\n\t<\/div>\n\n\t\n\n\t\t<div class=\"network-cards alignfull\">\n\t\t<div class=\"network-cards__inner\">\n\t\t\t\t\t\t<h2>Nyheter fra forbundet<\/h2>\n\t\t\t\t\t<div class=\"t2-featured-content-layout wp-block-t2-featured-content-layout\">\n\t\t\t\t\t<div class=\"t2-featured-single-post t2-featured-content is-post-type-news news-category-olje-og-gass news-tag-hovedoppgjoret news-tag-offshore news-tag-sokkel wp-block-t2-featured-single-post t2-featured-content-layout-col-4\"><a class=\"t2-post-link wp-block-t2-post-link\" href=\"https:\/\/styrke.no\/nyhet\/brudd-i-sokkelforhandlingene\/\">\n<figure style=\"--t2-focal-point: 50% 50%\" class=\"t2-post-featured-image has-image-ratio-16-9 wp-block-t2-post-featured-image\"><img loading=\"lazy\" decoding=\"async\" width=\"1024\" height=\"768\" src=\"https:\/\/styrke.no\/content\/uploads\/2026\/04\/20260429_104013-1024x768.jpg\" class=\"attachment-large size-large wp-post-image\" alt=\"\" srcset=\"https:\/\/styrke.no\/content\/uploads\/2026\/04\/20260429_104013-1024x768.jpg 1024w, https:\/\/styrke.no\/content\/uploads\/2026\/04\/20260429_104013-300x225.jpg 300w, https:\/\/styrke.no\/content\/uploads\/2026\/04\/20260429_104013-768x576.jpg 768w, https:\/\/styrke.no\/content\/uploads\/2026\/04\/20260429_104013-1536x1152.jpg 1536w, https:\/\/styrke.no\/content\/uploads\/2026\/04\/20260429_104013-scaled.jpg 2048w\" \/><\/figure>\n\n<div class=\"wp-block-group alignfull is-layout-flow wp-block-group-is-layout-flow\">\n\t<div class=\"wp-block-post-date\">april 29, 2026<\/div>\n\t<h2 class=\"t2-post-title wp-block-t2-post-title\">Brudd i sokkelforhandlingene<\/h2>\n\t<div class=\"t2-post-excerpt wp-block-t2-post-excerpt\"><p>Forbundet Styrke har onsdag kveld brutt med Offshore Norge i forhandlingene for offshoreansatte i operat\u00f8r-, boring- og forpleiningsselskaper.<\/p><\/div>\n\t<div class=\"dekode-post-category wp-block-dekode-post-category\"><span class=\"teft-cards-category-link\">Olje og gass<\/span><\/div>\n<\/div>\n\n<\/a>\n<\/div>\t\t\t\t<div class=\"t2-featured-single-post t2-featured-content is-post-type-news news-category-landindustri news-tag-hovedoppgjoret news-tag-lonnsforhandlinger news-tag-tariff wp-block-t2-featured-single-post t2-featured-content-layout-col-4\"><a class=\"t2-post-link wp-block-t2-post-link\" href=\"https:\/\/styrke.no\/nyhet\/hovedoppgjoret-2026-enighet-i-elektrokjemisk-forhandlingene\/\">\n<figure style=\"--t2-focal-point: 50% 50%\" class=\"t2-post-featured-image has-image-ratio-16-9 wp-block-t2-post-featured-image\"><img loading=\"lazy\" decoding=\"async\" width=\"1024\" height=\"670\" src=\"https:\/\/styrke.no\/content\/uploads\/2026\/04\/DSC_9359-1024x670.jpg\" class=\"attachment-large size-large wp-post-image\" alt=\"\" srcset=\"https:\/\/styrke.no\/content\/uploads\/2026\/04\/DSC_9359-1024x670.jpg 1024w, https:\/\/styrke.no\/content\/uploads\/2026\/04\/DSC_9359-300x196.jpg 300w, https:\/\/styrke.no\/content\/uploads\/2026\/04\/DSC_9359-768x503.jpg 768w, https:\/\/styrke.no\/content\/uploads\/2026\/04\/DSC_9359-1536x1005.jpg 1536w, https:\/\/styrke.no\/content\/uploads\/2026\/04\/DSC_9359-scaled.jpg 2048w\" \/><\/figure>\n\n<div class=\"wp-block-group alignfull is-layout-flow wp-block-group-is-layout-flow\">\n\t<div class=\"wp-block-post-date\">april 29, 2026<\/div>\n\t<h2 class=\"t2-post-title wp-block-t2-post-title\">Hovedoppgj\u00f8ret 2026: Enighet i elektrokjemisk-forhandlingene<\/h2>\n\t<div class=\"t2-post-excerpt wp-block-t2-post-excerpt\"><p>\u2013 Jeg synes vi kom i m\u00e5l med et veldig bra oppgj\u00f8r for medlemmene v\u00e5re, innenfor rammen frontfaget har gitt&hellip;<\/p><\/div>\n\t<div class=\"dekode-post-category wp-block-dekode-post-category\"><span class=\"teft-cards-category-link\">Landindustri<\/span><\/div>\n<\/div>\n\n<\/a>\n<\/div>\t\t\t\t<div class=\"t2-featured-single-post t2-featured-content is-post-type-news news-category-olje-og-gass news-tag-arbeidsliv news-tag-hovedoppgjoret news-tag-lonnsforhandlinger wp-block-t2-featured-single-post t2-featured-content-layout-col-4\"><a class=\"t2-post-link wp-block-t2-post-link\" href=\"https:\/\/styrke.no\/nyhet\/hovedoppgjoret-2026-sokkeloppgjoret-har-startet\/\">\n<figure style=\"--t2-focal-point: 50% 50%\" class=\"t2-post-featured-image has-image-ratio-16-9 wp-block-t2-post-featured-image\"><img loading=\"lazy\" decoding=\"async\" width=\"1024\" height=\"768\" src=\"https:\/\/styrke.no\/content\/uploads\/2026\/04\/20260428_101843-1024x768.jpg\" class=\"attachment-large size-large wp-post-image\" alt=\"\" srcset=\"https:\/\/styrke.no\/content\/uploads\/2026\/04\/20260428_101843-1024x768.jpg 1024w, https:\/\/styrke.no\/content\/uploads\/2026\/04\/20260428_101843-300x225.jpg 300w, https:\/\/styrke.no\/content\/uploads\/2026\/04\/20260428_101843-768x576.jpg 768w, https:\/\/styrke.no\/content\/uploads\/2026\/04\/20260428_101843-1536x1152.jpg 1536w, https:\/\/styrke.no\/content\/uploads\/2026\/04\/20260428_101843-scaled.jpg 2048w\" \/><\/figure>\n\n<div class=\"wp-block-group alignfull is-layout-flow wp-block-group-is-layout-flow\">\n\t<div class=\"wp-block-post-date\">april 28, 2026<\/div>\n\t<h2 class=\"t2-post-title wp-block-t2-post-title\">Hovedoppgj\u00f8ret 2026: Sokkeloppgj\u00f8ret har startet<\/h2>\n\t<div class=\"t2-post-excerpt wp-block-t2-post-excerpt\"><p>Forhandlingene om sokkelavtalene for ansatte innen operat\u00f8r-, boring- og forpleiningsbedrifter er i gang. Det er satt av to dager til&hellip;<\/p><\/div>\n\t<div class=\"dekode-post-category wp-block-dekode-post-category\"><span class=\"teft-cards-category-link\">Olje og gass<\/span><\/div>\n<\/div>\n\n<\/a>\n<\/div>\t\t\t\t<div class=\"t2-featured-single-post t2-featured-content is-post-type-news news-category-landindustri news-tag-hovedoppgjoret news-tag-lonnsforhandlinger news-tag-tariff wp-block-t2-featured-single-post t2-featured-content-layout-col-4\"><a class=\"t2-post-link wp-block-t2-post-link\" href=\"https:\/\/styrke.no\/nyhet\/hovedoppgjoret-2026-na-starter-forhandlingene-pa-elektrokjemisk\/\">\n<figure style=\"--t2-focal-point: 50% 50%\" class=\"t2-post-featured-image has-image-ratio-16-9 wp-block-t2-post-featured-image\"><img loading=\"lazy\" decoding=\"async\" width=\"1024\" height=\"637\" src=\"https:\/\/styrke.no\/content\/uploads\/2026\/04\/DSC_8970-1024x637.jpg\" class=\"attachment-large size-large wp-post-image\" alt=\"\" srcset=\"https:\/\/styrke.no\/content\/uploads\/2026\/04\/DSC_8970-1024x637.jpg 1024w, https:\/\/styrke.no\/content\/uploads\/2026\/04\/DSC_8970-300x187.jpg 300w, https:\/\/styrke.no\/content\/uploads\/2026\/04\/DSC_8970-768x478.jpg 768w, https:\/\/styrke.no\/content\/uploads\/2026\/04\/DSC_8970-1536x956.jpg 1536w, https:\/\/styrke.no\/content\/uploads\/2026\/04\/DSC_8970-scaled.jpg 2048w\" \/><\/figure>\n\n<div class=\"wp-block-group alignfull is-layout-flow wp-block-group-is-layout-flow\">\n\t<div class=\"wp-block-post-date\">april 27, 2026<\/div>\n\t<h2 class=\"t2-post-title wp-block-t2-post-title\">Hovedoppgj\u00f8ret 2026: N\u00e5 starter forhandlingene p\u00e5 elektrokjemisk<\/h2>\n\t<div class=\"t2-post-excerpt wp-block-t2-post-excerpt\"><p>Forhandlingene mellom Forbundet Styrke og Norsk Industri p\u00e5 elektrokjemisk overenskomst startet mandag formiddag i Oslo. Det er satt av tre&hellip;<\/p><\/div>\n\t<div class=\"dekode-post-category wp-block-dekode-post-category\"><span class=\"teft-cards-category-link\">Landindustri<\/span><\/div>\n<\/div>\n\n<\/a>\n<\/div>\t\t\t<\/div>\n\t<\/div>\n\t<\/div>\n\t\t\n\n\t\t<div class=\"network-cards alignfull\">\n\t\t<div class=\"network-cards__inner\">\n\t\t\t\t\t\t<h2>Kurs fra forbundet<\/h2>\n\t\t\t\t\t<div class=\"t2-featured-content-layout wp-block-t2-featured-content-layout\">\n\t\t\t\t\t<div class=\"t2-featured-single-post t2-featured-content is-post-type-course course-category-digitalt course-category-kurs-2 course-place-web wp-block-t2-featured-single-post t2-featured-content-layout-col-4\"><a class=\"t2-post-link wp-block-t2-post-link\" href=\"https:\/\/styrke.no\/kurs\/digital-e-laering-ny-i-styrke\/\">\n\n<figure style=\"--t2-focal-point: 50% 50%\" class=\"t2-post-featured-image has-image-ratio-16-9 wp-block-t2-post-featured-image\"><img loading=\"lazy\" decoding=\"async\" width=\"768\" height=\"548\" src=\"https:\/\/styrke.no\/content\/uploads\/2025\/03\/DSC_8709-768x548.jpg\" class=\"attachment-medium_large size-medium_large wp-post-image\" alt=\"\" srcset=\"https:\/\/styrke.no\/content\/uploads\/2025\/03\/DSC_8709-768x548.jpg 768w, https:\/\/styrke.no\/content\/uploads\/2025\/03\/DSC_8709-300x214.jpg 300w, https:\/\/styrke.no\/content\/uploads\/2025\/03\/DSC_8709-1024x730.jpg 1024w, https:\/\/styrke.no\/content\/uploads\/2025\/03\/DSC_8709-1536x1095.jpg 1536w, https:\/\/styrke.no\/content\/uploads\/2025\/03\/DSC_8709-scaled.jpg 2048w\" \/><\/figure>\n\n<div class=\"wp-block-group alignfull card-content is-layout-flow wp-block-group-is-layout-flow\">\n\t<h2 class=\"t2-post-title wp-block-t2-post-title\">Digital e-l\u00e6ring &#8211; Ny i Styrke<\/h2>\n\t<div class=\"dekode-course-card-meta type-meta type-is-sticky wp-block-dekode-course-card-meta\"><div class=\"card-meta\"> <p class=\"card-meta__location\">Digitalt\/web<\/p><\/div><\/div>\n<\/div>\n\n<\/a>\n<\/div>\t\t\t\t<div class=\"t2-featured-single-post t2-featured-content is-post-type-course course-category-konferanse course-place-quality-airport-hotel-stavanger wp-block-t2-featured-single-post t2-featured-content-layout-col-4\"><a class=\"t2-post-link wp-block-t2-post-link\" href=\"https:\/\/styrke.no\/kurs\/offshore-helikopterkonferanse-2026\/\">\n<div class=\"dekode-course-card-meta type-badge wp-block-dekode-course-card-meta\"><div class=\"date-badge\"><div class=\"date-badge__month\">mai<\/div><div class=\"date-badge__day\">6<\/div><\/div><\/div>\n<figure style=\"--t2-focal-point: 50% 50%\" class=\"t2-post-featured-image has-image-ratio-16-9 wp-block-t2-post-featured-image\"><img loading=\"lazy\" decoding=\"async\" width=\"768\" height=\"488\" src=\"https:\/\/styrke.no\/content\/uploads\/2024\/09\/DSC_2546-1-768x488.jpg\" class=\"attachment-medium_large size-medium_large wp-post-image\" alt=\"\" srcset=\"https:\/\/styrke.no\/content\/uploads\/2024\/09\/DSC_2546-1-768x488.jpg 768w, https:\/\/styrke.no\/content\/uploads\/2024\/09\/DSC_2546-1-300x191.jpg 300w, https:\/\/styrke.no\/content\/uploads\/2024\/09\/DSC_2546-1-1024x651.jpg 1024w, https:\/\/styrke.no\/content\/uploads\/2024\/09\/DSC_2546-1-1536x976.jpg 1536w, https:\/\/styrke.no\/content\/uploads\/2024\/09\/DSC_2546-1.jpg 2048w\" \/><\/figure>\n\n<div class=\"wp-block-group alignfull card-content is-layout-flow wp-block-group-is-layout-flow\">\n\t<h2 class=\"t2-post-title wp-block-t2-post-title\">Offshore helikopterkonferanse 2026<\/h2>\n\t<div class=\"dekode-course-card-meta type-meta wp-block-dekode-course-card-meta\"><div class=\"card-meta\"><p class=\"card-meta__date\">onsdag 6. mai 2026 kl 12:00 &#8211; torsdag 7. mai 2026 kl 12:00<\/p> <p class=\"card-meta__location\">Quality Airport Hotel Stavanger<\/p><\/div><\/div>\n<\/div>\n\n<\/a>\n<\/div>\t\t\t\t<div class=\"t2-featured-single-post t2-featured-content is-post-type-course course-category-konferanse course-place-sola-strandhotell wp-block-t2-featured-single-post t2-featured-content-layout-col-4\"><a class=\"t2-post-link wp-block-t2-post-link\" href=\"https:\/\/styrke.no\/kurs\/arbeiderkonferansen-var-2026\/\">\n<div class=\"dekode-course-card-meta type-badge wp-block-dekode-course-card-meta\"><div class=\"date-badge\"><div class=\"date-badge__month\">mai<\/div><div class=\"date-badge__day\">18<\/div><\/div><\/div>\n<figure style=\"--t2-focal-point: 50% 50%\" class=\"t2-post-featured-image has-image-ratio-16-9 wp-block-t2-post-featured-image\"><img loading=\"lazy\" decoding=\"async\" width=\"768\" height=\"511\" src=\"https:\/\/styrke.no\/content\/uploads\/2025\/11\/L1016481-2-768x511.jpg\" class=\"attachment-medium_large size-medium_large wp-post-image\" alt=\"\" srcset=\"https:\/\/styrke.no\/content\/uploads\/2025\/11\/L1016481-2-768x511.jpg 768w, https:\/\/styrke.no\/content\/uploads\/2025\/11\/L1016481-2-300x200.jpg 300w, https:\/\/styrke.no\/content\/uploads\/2025\/11\/L1016481-2-1024x682.jpg 1024w, https:\/\/styrke.no\/content\/uploads\/2025\/11\/L1016481-2-1536x1022.jpg 1536w, https:\/\/styrke.no\/content\/uploads\/2025\/11\/L1016481-2-scaled.jpg 2048w\" \/><\/figure>\n\n<div class=\"wp-block-group alignfull card-content is-layout-flow wp-block-group-is-layout-flow\">\n\t<h2 class=\"t2-post-title wp-block-t2-post-title\">Arbeiderkonferansen\u00a0 V\u00e5r \u2013 2026<\/h2>\n\t<div class=\"dekode-course-card-meta type-meta wp-block-dekode-course-card-meta\"><div class=\"card-meta\"><p class=\"card-meta__date\">mandag 18. mai 2026 kl 11:00 &#8211; torsdag 21. mai 2026 kl 14:00<\/p> <p class=\"card-meta__location\">Sola Strandhotell<\/p><\/div><\/div>\n<\/div>\n\n<\/a>\n<\/div>\t\t\t\t<div class=\"t2-featured-single-post t2-featured-content is-post-type-course course-category-kurs-2 course-place-forbundet-styrke-stavanger wp-block-t2-featured-single-post t2-featured-content-layout-col-4\"><a class=\"t2-post-link wp-block-t2-post-link\" href=\"https:\/\/styrke.no\/kurs\/kurs-om-pensjon-3\/\">\n<div class=\"dekode-course-card-meta type-badge wp-block-dekode-course-card-meta\"><div class=\"date-badge\"><div class=\"date-badge__month\">jun<\/div><div class=\"date-badge__day\">1<\/div><\/div><\/div>\n<figure style=\"--t2-focal-point: 50% 50%\" class=\"t2-post-featured-image has-image-ratio-16-9 wp-block-t2-post-featured-image\"><img loading=\"lazy\" decoding=\"async\" width=\"768\" height=\"384\" src=\"https:\/\/styrke.no\/content\/uploads\/2021\/07\/Pensjon-768x384.jpg\" class=\"attachment-medium_large size-medium_large wp-post-image\" alt=\"\" srcset=\"https:\/\/styrke.no\/content\/uploads\/2021\/07\/Pensjon-768x384.jpg 768w, https:\/\/styrke.no\/content\/uploads\/2021\/07\/Pensjon-300x150.jpg 300w, https:\/\/styrke.no\/content\/uploads\/2021\/07\/Pensjon.jpg 900w\" \/><\/figure>\n\n<div class=\"wp-block-group alignfull card-content is-layout-flow wp-block-group-is-layout-flow\">\n\t<h2 class=\"t2-post-title wp-block-t2-post-title\">Kurs om pensjon.<\/h2>\n\t<div class=\"dekode-course-card-meta type-meta wp-block-dekode-course-card-meta\"><div class=\"card-meta\"><p class=\"card-meta__date\">mandag 1. juni 2026 kl 10:00 &#8211; tirsdag 2. juni 2026 kl 15:00<\/p> <p class=\"card-meta__location\">Forbundet Styrke &#8211; Stavanger<\/p><\/div><\/div>\n<\/div>\n\n<\/a>\n<\/div>\t\t\t<\/div>\n\t<\/div>\n\t<\/div>\n\t\t","protected":false},"excerpt":{"rendered":"","protected":false},"author":121,"featured_media":0,"parent":0,"menu_order":0,"comment_status":"closed","ping_status":"closed","template":"","meta":{"_acf_changed":false,"teft_cards_image_id":0,"teft_cards_image_focal_point_x":0,"teft_cards_image_focal_point_y":0,"teft_cards_title":"","teft_cards_excerpt":"","footnotes":""},"news-tag":[],"class_list":["post-4","page","type-page","status-publish","hentry"],"yoast_head":"<!-- This site is optimized with the Yoast SEO Premium plugin v22.4 (Yoast SEO v23.0) - https:\/\/yoast.com\/wordpress\/plugins\/seo\/ -->\n<title>Forside - ESS-klubben<\/title>\n<meta name=\"robots\" content=\"index, follow, max-snippet:-1, max-image-preview:large, max-video-preview:-1\" \/>\n<link rel=\"canonical\" href=\"https:\/\/styrke.no\/ess\/\" \/>\n<meta property=\"og:locale\" content=\"nb_NO\" \/>\n<meta property=\"og:type\" content=\"article\" \/>\n<meta property=\"og:title\" content=\"Forside\" \/>\n<meta property=\"og:url\" content=\"https:\/\/styrke.no\/ess\/\" \/>\n<meta property=\"og:site_name\" content=\"ESS-klubben\" \/>\n<meta property=\"article:modified_time\" content=\"2026-03-03T15:03:24+00:00\" \/>\n<meta name=\"twitter:card\" content=\"summary_large_image\" \/>\n<script type=\"application\/ld+json\" class=\"yoast-schema-graph\">{\"@context\":\"https:\/\/schema.org\",\"@graph\":[{\"@type\":\"WebPage\",\"@id\":\"https:\/\/styrke.no\/ess\/\",\"url\":\"https:\/\/styrke.no\/ess\/\",\"name\":\"Forside - ESS-klubben\",\"isPartOf\":{\"@id\":\"https:\/\/styrke.no\/ess\/#website\"},\"datePublished\":\"2021-09-23T11:29:47+00:00\",\"dateModified\":\"2026-03-03T15:03:24+00:00\",\"breadcrumb\":{\"@id\":\"https:\/\/styrke.no\/ess\/#breadcrumb\"},\"inLanguage\":\"nb-NO\",\"potentialAction\":[{\"@type\":\"ReadAction\",\"target\":[\"https:\/\/styrke.no\/ess\/\"]}]},{\"@type\":\"BreadcrumbList\",\"@id\":\"https:\/\/styrke.no\/ess\/#breadcrumb\",\"itemListElement\":[{\"@type\":\"ListItem\",\"position\":1,\"name\":\"Hjem\",\"item\":\"https:\/\/styrke.no\/ess\/\"},{\"@type\":\"ListItem\",\"position\":2,\"name\":\"Forside\"}]},{\"@type\":\"WebSite\",\"@id\":\"https:\/\/styrke.no\/ess\/#website\",\"url\":\"https:\/\/styrke.no\/ess\/\",\"name\":\"ESS-klubben\",\"description\":\"\",\"publisher\":{\"@id\":\"https:\/\/styrke.no\/ess\/#organization\"},\"potentialAction\":[{\"@type\":\"SearchAction\",\"target\":{\"@type\":\"EntryPoint\",\"urlTemplate\":\"https:\/\/styrke.no\/ess\/?s={search_term_string}\"},\"query-input\":\"required name=search_term_string\"}],\"inLanguage\":\"nb-NO\"},{\"@type\":\"Organization\",\"@id\":\"https:\/\/styrke.no\/ess\/#organization\",\"name\":\"ESS-klubben\",\"url\":\"https:\/\/styrke.no\/ess\/\",\"logo\":{\"@type\":\"ImageObject\",\"inLanguage\":\"nb-NO\",\"@id\":\"https:\/\/styrke.no\/ess\/#\/schema\/logo\/image\/\",\"url\":\"https:\/\/styrke.no\/content\/uploads\/sites\/34\/2024\/10\/Isolation_Mode.svg\",\"contentUrl\":\"https:\/\/styrke.no\/content\/uploads\/sites\/34\/2024\/10\/Isolation_Mode.svg\",\"width\":185,\"height\":54,\"caption\":\"ESS-klubben\"},\"image\":{\"@id\":\"https:\/\/styrke.no\/ess\/#\/schema\/logo\/image\/\"}}]}<\/script>\n<!-- \/ Yoast SEO Premium plugin. -->","yoast_head_json":{"title":"Forside - ESS-klubben","robots":{"index":"index","follow":"follow","max-snippet":"max-snippet:-1","max-image-preview":"max-image-preview:large","max-video-preview":"max-video-preview:-1"},"canonical":"https:\/\/styrke.no\/ess\/","og_locale":"nb_NO","og_type":"article","og_title":"Forside","og_url":"https:\/\/styrke.no\/ess\/","og_site_name":"ESS-klubben","article_modified_time":"2026-03-03T15:03:24+00:00","twitter_card":"summary_large_image","schema":{"@context":"https:\/\/schema.org","@graph":[{"@type":"WebPage","@id":"https:\/\/styrke.no\/ess\/","url":"https:\/\/styrke.no\/ess\/","name":"Forside - ESS-klubben","isPartOf":{"@id":"https:\/\/styrke.no\/ess\/#website"},"datePublished":"2021-09-23T11:29:47+00:00","dateModified":"2026-03-03T15:03:24+00:00","breadcrumb":{"@id":"https:\/\/styrke.no\/ess\/#breadcrumb"},"inLanguage":"nb-NO","potentialAction":[{"@type":"ReadAction","target":["https:\/\/styrke.no\/ess\/"]}]},{"@type":"BreadcrumbList","@id":"https:\/\/styrke.no\/ess\/#breadcrumb","itemListElement":[{"@type":"ListItem","position":1,"name":"Hjem","item":"https:\/\/styrke.no\/ess\/"},{"@type":"ListItem","position":2,"name":"Forside"}]},{"@type":"WebSite","@id":"https:\/\/styrke.no\/ess\/#website","url":"https:\/\/styrke.no\/ess\/","name":"ESS-klubben","description":"","publisher":{"@id":"https:\/\/styrke.no\/ess\/#organization"},"potentialAction":[{"@type":"SearchAction","target":{"@type":"EntryPoint","urlTemplate":"https:\/\/styrke.no\/ess\/?s={search_term_string}"},"query-input":"required name=search_term_string"}],"inLanguage":"nb-NO"},{"@type":"Organization","@id":"https:\/\/styrke.no\/ess\/#organization","name":"ESS-klubben","url":"https:\/\/styrke.no\/ess\/","logo":{"@type":"ImageObject","inLanguage":"nb-NO","@id":"https:\/\/styrke.no\/ess\/#\/schema\/logo\/image\/","url":"https:\/\/styrke.no\/content\/uploads\/sites\/34\/2024\/10\/Isolation_Mode.svg","contentUrl":"https:\/\/styrke.no\/content\/uploads\/sites\/34\/2024\/10\/Isolation_Mode.svg","width":185,"height":54,"caption":"ESS-klubben"},"image":{"@id":"https:\/\/styrke.no\/ess\/#\/schema\/logo\/image\/"}}]}},"acf":[],"_links":{"self":[{"href":"https:\/\/styrke.no\/ess\/wp-json\/wp\/v2\/pages\/4"}],"collection":[{"href":"https:\/\/styrke.no\/ess\/wp-json\/wp\/v2\/pages"}],"about":[{"href":"https:\/\/styrke.no\/ess\/wp-json\/wp\/v2\/types\/page"}],"author":[{"embeddable":true,"href":"https:\/\/styrke.no\/ess\/wp-json\/wp\/v2\/users\/121"}],"replies":[{"embeddable":true,"href":"https:\/\/styrke.no\/ess\/wp-json\/wp\/v2\/comments?post=4"}],"version-history":[{"count":30,"href":"https:\/\/styrke.no\/ess\/wp-json\/wp\/v2\/pages\/4\/revisions"}],"predecessor-version":[{"id":372,"href":"https:\/\/styrke.no\/ess\/wp-json\/wp\/v2\/pages\/4\/revisions\/372"}],"wp:attachment":[{"href":"https:\/\/styrke.no\/ess\/wp-json\/wp\/v2\/media?parent=4"}],"wp:term":[{"taxonomy":"news-tag","embeddable":true,"href":"https:\/\/styrke.no\/ess\/wp-json\/wp\/v2\/news-tag?post=4"}],"curies":[{"name":"wp","href":"https:\/\/api.w.org\/{rel}","templated":true}]}}