{"id":4,"date":"2021-09-23T13:29:47","date_gmt":"2021-09-23T11:29:47","guid":{"rendered":"https:\/\/styrke.no\/moduklubben\/?page_id=4"},"modified":"2023-09-14T13:12:32","modified_gmt":"2023-09-14T11:12:32","slug":"forside","status":"publish","type":"page","link":"https:\/\/styrke.no\/moduklubben\/","title":{"rendered":"Forside"},"content":{"rendered":"\t<div class=\"hero alignfull is-style-red is-style-red wp-block-dekode-hero\">\n\t\t<div class=\"hero__inner\">\n\t\t\t<div class=\"hero__media\">\n\t\t\t\t\n\t\t<div class=\"illustration\">\n\t\t<img loading=\"lazy\" decoding=\"async\" width=\"1024\" height=\"768\" src=\"https:\/\/styrke.no\/content\/uploads\/sites\/23\/2023\/08\/20180317_080432-1024x768.jpg\" class=\"illustration__image\" alt=\"\" style=\"object-position: 50% 50%\" srcset=\"https:\/\/styrke.no\/content\/uploads\/sites\/23\/2023\/08\/20180317_080432-1024x768.jpg 1024w, https:\/\/styrke.no\/content\/uploads\/sites\/23\/2023\/08\/20180317_080432-300x225.jpg 300w, https:\/\/styrke.no\/content\/uploads\/sites\/23\/2023\/08\/20180317_080432-768x576.jpg 768w, https:\/\/styrke.no\/content\/uploads\/sites\/23\/2023\/08\/20180317_080432-1536x1152.jpg 1536w, https:\/\/styrke.no\/content\/uploads\/sites\/23\/2023\/08\/20180317_080432-2048x1536.jpg 2048w\" \/>\t<\/div>\n\t\t\n\t\t\t<\/div>\n\n\t\t\t<div class=\"hero__content\">\n\t\t\t\t<h2 class=\"hero__title\">Moduklubben<\/h2>\t\t\t<\/div>\n\t\t<\/div>\n\t<\/div>\n\t\n\n\n\t<div class=\"dekode-featured-news alignfull wp-block-dekode-featured-news\">\n\t\t<div class=\"dekode-featured-news__inner\">\n\t\t\t\t\t\t\t<h2>Nyheter<\/h2>\n\t\t\t\t\t\t\n\t\t\t<div class=\"t2-featured-content-layout wp-block-t2-featured-content-layout\">\n\t\t\t\t<div class=\"t2-featured-single-post t2-featured-content is-post-type-news news-category-nyheter wp-block-t2-featured-single-post t2-featured-content-layout-col-12\"><a class=\"t2-post-link wp-block-t2-post-link\" href=\"https:\/\/styrke.no\/moduklubben\/nyhet\/klubben-har-avholdt-styremote\/\">\n<figure style=\"--t2-focal-point: 50% 50%\" class=\"t2-post-featured-image has-image-ratio-16-9 wp-block-t2-post-featured-image\"><img loading=\"lazy\" decoding=\"async\" width=\"1024\" height=\"683\" src=\"https:\/\/styrke.no\/content\/uploads\/sites\/23\/2021\/12\/DSC_9281_25_1_50-1024x683.jpg\" class=\"attachment-large size-large wp-post-image\" alt=\"\" srcset=\"https:\/\/styrke.no\/content\/uploads\/sites\/23\/2021\/12\/DSC_9281_25_1_50-1024x683.jpg 1024w, https:\/\/styrke.no\/content\/uploads\/sites\/23\/2021\/12\/DSC_9281_25_1_50-300x200.jpg 300w, https:\/\/styrke.no\/content\/uploads\/sites\/23\/2021\/12\/DSC_9281_25_1_50-768x512.jpg 768w, https:\/\/styrke.no\/content\/uploads\/sites\/23\/2021\/12\/DSC_9281_25_1_50.jpg 1032w\" \/><\/figure>\n\n<div class=\"wp-block-group alignfull is-layout-flow wp-block-group-is-layout-flow\">\n\t<div class=\"wp-block-post-date\">desember 10, 2021<\/div>\n\t<h2 class=\"t2-post-title wp-block-t2-post-title\">Klubben har avholdt styrem\u00f8te<\/h2>\n\t<div class=\"t2-post-excerpt wp-block-t2-post-excerpt\"><p>Styret i klubben avholdt styrem\u00f8te 9.des<\/p><\/div>\n\t<div class=\"dekode-post-category wp-block-dekode-post-category\"><span class=\"teft-cards-category-link\">Nyheter<\/span><\/div>\n<\/div>\n\n<\/a>\n<\/div><div class=\"t2-featured-single-post t2-featured-content is-post-type-news news-category-nyheter wp-block-t2-featured-single-post t2-featured-content-layout-col-6\"><a class=\"t2-post-link wp-block-t2-post-link\" href=\"https:\/\/styrke.no\/moduklubben\/nyhet\/lorem-ipsum\/\">\n<figure style=\"--t2-focal-point: 50% 50%\" class=\"t2-post-featured-image has-image-ratio-16-9 wp-block-t2-post-featured-image\"><img loading=\"lazy\" decoding=\"async\" width=\"1024\" height=\"681\" src=\"https:\/\/styrke.no\/content\/uploads\/sites\/23\/2021\/11\/news-dummy-img.jpg\" class=\"attachment-large size-large wp-post-image\" alt=\"\" srcset=\"https:\/\/styrke.no\/content\/uploads\/sites\/23\/2021\/11\/news-dummy-img.jpg 1024w, https:\/\/styrke.no\/content\/uploads\/sites\/23\/2021\/11\/news-dummy-img-300x200.jpg 300w, https:\/\/styrke.no\/content\/uploads\/sites\/23\/2021\/11\/news-dummy-img-768x511.jpg 768w\" \/><\/figure>\n\n<div class=\"wp-block-group alignfull is-layout-flow wp-block-group-is-layout-flow\">\n\t<div class=\"wp-block-post-date\">november 16, 2021<\/div>\n\t<h2 class=\"t2-post-title wp-block-t2-post-title\">Kampanje \u00f8kt organisasjonsgrad<\/h2>\n\t<div class=\"t2-post-excerpt wp-block-t2-post-excerpt\"><p>Neque porro quisquam est qui dolorem ipsum quia dolor sit amet, consectetur, adipisci velit<\/p><\/div>\n\t<div class=\"dekode-post-category wp-block-dekode-post-category\"><span class=\"teft-cards-category-link\">Nyheter<\/span><\/div>\n<\/div>\n\n<\/a>\n<\/div><div class=\"t2-featured-single-post t2-featured-content is-post-type-news news-category-nyheter wp-block-t2-featured-single-post t2-featured-content-layout-col-6\"><a class=\"t2-post-link wp-block-t2-post-link\" href=\"https:\/\/styrke.no\/moduklubben\/nyhet\/testnyhet\/\">\n<figure style=\"--t2-focal-point: 50% 50%\" class=\"t2-post-featured-image has-image-ratio-16-9 wp-block-t2-post-featured-image\"><img loading=\"lazy\" decoding=\"async\" width=\"1024\" height=\"575\" src=\"https:\/\/styrke.no\/content\/uploads\/sites\/23\/2021\/12\/julekalender-1024x575.jpg\" class=\"attachment-large size-large wp-post-image\" alt=\"\" srcset=\"https:\/\/styrke.no\/content\/uploads\/sites\/23\/2021\/12\/julekalender-1024x575.jpg 1024w, https:\/\/styrke.no\/content\/uploads\/sites\/23\/2021\/12\/julekalender-300x169.jpg 300w, https:\/\/styrke.no\/content\/uploads\/sites\/23\/2021\/12\/julekalender-768x431.jpg 768w, https:\/\/styrke.no\/content\/uploads\/sites\/23\/2021\/12\/julekalender.jpg 1200w\" \/><\/figure>\n\n<div class=\"wp-block-group alignfull is-layout-flow wp-block-group-is-layout-flow\">\n\t<div class=\"wp-block-post-date\">november 04, 2021<\/div>\n\t<h2 class=\"t2-post-title wp-block-t2-post-title\">\u00c5rets julekalender<\/h2>\n\t<div class=\"t2-post-excerpt wp-block-t2-post-excerpt\"><p>\u00c5rets julekalender er n\u00e5 klar<\/p><\/div>\n\t<div class=\"dekode-post-category wp-block-dekode-post-category\"><span class=\"teft-cards-category-link\">Nyheter<\/span><\/div>\n<\/div>\n\n<\/a>\n<\/div>\t\t\t<\/div>\n\n\t\t\t\t\t\t\t<div class=\"wp-block-button is-style-inline\"><a class=\"wp-block-button__link\" href=\"https:\/\/styrke.no\/moduklubben\/nyheter\/\">Vis alle nyheter<\/a><\/div>\n\t\t\t\n\t\t\t\t\t<\/div>\n\t<\/div>\n\n\t\n\n\t\t<div class=\"network-cards alignfull\">\n\t\t<div class=\"network-cards__inner\">\n\t\t\t\t\t\t<h2>Nyheter fra forbundet<\/h2>\n\t\t\t\t\t<div class=\"t2-featured-content-layout wp-block-t2-featured-content-layout\">\n\t\t\t\t\t<div class=\"t2-featured-single-post t2-featured-content is-post-type-news news-category-olje-og-gass news-tag-arbeidsliv news-tag-hovedoppgjoret news-tag-lonnsforhandlinger wp-block-t2-featured-single-post t2-featured-content-layout-col-4\"><a class=\"t2-post-link wp-block-t2-post-link\" href=\"https:\/\/styrke.no\/nyhet\/hovedoppgjoret-2026-sokkeloppgjoret-har-startet\/\">\n<figure style=\"--t2-focal-point: 50% 50%\" class=\"t2-post-featured-image has-image-ratio-16-9 wp-block-t2-post-featured-image\"><img loading=\"lazy\" decoding=\"async\" width=\"1024\" height=\"768\" src=\"https:\/\/styrke.no\/content\/uploads\/2026\/04\/20260428_101843-1024x768.jpg\" class=\"attachment-large size-large wp-post-image\" alt=\"\" srcset=\"https:\/\/styrke.no\/content\/uploads\/2026\/04\/20260428_101843-1024x768.jpg 1024w, https:\/\/styrke.no\/content\/uploads\/2026\/04\/20260428_101843-300x225.jpg 300w, https:\/\/styrke.no\/content\/uploads\/2026\/04\/20260428_101843-768x576.jpg 768w, https:\/\/styrke.no\/content\/uploads\/2026\/04\/20260428_101843-1536x1152.jpg 1536w, https:\/\/styrke.no\/content\/uploads\/2026\/04\/20260428_101843-scaled.jpg 2048w\" \/><\/figure>\n\n<div class=\"wp-block-group alignfull is-layout-flow wp-block-group-is-layout-flow\">\n\t<div class=\"wp-block-post-date\">april 28, 2026<\/div>\n\t<h2 class=\"t2-post-title wp-block-t2-post-title\">Hovedoppgj\u00f8ret 2026: Sokkeloppgj\u00f8ret har startet<\/h2>\n\t<div class=\"t2-post-excerpt wp-block-t2-post-excerpt\"><p>Forhandlingene om sokkelavtalene for ansatte innen operat\u00f8r-, boring- og forpleiningsbedrifter er i gang. Det er satt av to dager til&hellip;<\/p><\/div>\n\t<div class=\"dekode-post-category wp-block-dekode-post-category\"><span class=\"teft-cards-category-link\">Olje og gass<\/span><\/div>\n<\/div>\n\n<\/a>\n<\/div>\t\t\t\t<div class=\"t2-featured-single-post t2-featured-content is-post-type-news news-category-landindustri news-tag-hovedoppgjoret news-tag-lonnsforhandlinger news-tag-tariff wp-block-t2-featured-single-post t2-featured-content-layout-col-4\"><a class=\"t2-post-link wp-block-t2-post-link\" href=\"https:\/\/styrke.no\/nyhet\/hovedoppgjoret-2026-na-starter-forhandlingene-pa-elektrokjemisk\/\">\n<figure style=\"--t2-focal-point: 50% 50%\" class=\"t2-post-featured-image has-image-ratio-16-9 wp-block-t2-post-featured-image\"><img loading=\"lazy\" decoding=\"async\" width=\"1024\" height=\"637\" src=\"https:\/\/styrke.no\/content\/uploads\/2026\/04\/DSC_8970-1024x637.jpg\" class=\"attachment-large size-large wp-post-image\" alt=\"\" srcset=\"https:\/\/styrke.no\/content\/uploads\/2026\/04\/DSC_8970-1024x637.jpg 1024w, https:\/\/styrke.no\/content\/uploads\/2026\/04\/DSC_8970-300x187.jpg 300w, https:\/\/styrke.no\/content\/uploads\/2026\/04\/DSC_8970-768x478.jpg 768w, https:\/\/styrke.no\/content\/uploads\/2026\/04\/DSC_8970-1536x956.jpg 1536w, https:\/\/styrke.no\/content\/uploads\/2026\/04\/DSC_8970-scaled.jpg 2048w\" \/><\/figure>\n\n<div class=\"wp-block-group alignfull is-layout-flow wp-block-group-is-layout-flow\">\n\t<div class=\"wp-block-post-date\">april 27, 2026<\/div>\n\t<h2 class=\"t2-post-title wp-block-t2-post-title\">Hovedoppgj\u00f8ret 2026: N\u00e5 starter forhandlingene p\u00e5 elektrokjemisk<\/h2>\n\t<div class=\"t2-post-excerpt wp-block-t2-post-excerpt\"><p>Forhandlingene mellom Forbundet Styrke og Norsk Industri p\u00e5 elektrokjemisk overenskomst startet mandag formiddag i Oslo. Det er satt av tre&hellip;<\/p><\/div>\n\t<div class=\"dekode-post-category wp-block-dekode-post-category\"><span class=\"teft-cards-category-link\">Landindustri<\/span><\/div>\n<\/div>\n\n<\/a>\n<\/div>\t\t\t\t<div class=\"t2-featured-single-post t2-featured-content is-post-type-news news-category-landindustri news-tag-arbeidsliv news-tag-politikk news-tag-ungdomsutvalget wp-block-t2-featured-single-post t2-featured-content-layout-col-4\"><a class=\"t2-post-link wp-block-t2-post-link\" href=\"https:\/\/styrke.no\/nyhet\/styrke-ungs-industritur-industrien-ma-sees-for-a-forstas\/\">\n<figure style=\"--t2-focal-point: 50% 50%\" class=\"t2-post-featured-image has-image-ratio-16-9 wp-block-t2-post-featured-image\"><img loading=\"lazy\" decoding=\"async\" width=\"1024\" height=\"683\" src=\"https:\/\/styrke.no\/content\/uploads\/2026\/04\/DSC_8069-1024x683.jpg\" class=\"attachment-large size-large wp-post-image\" alt=\"\" srcset=\"https:\/\/styrke.no\/content\/uploads\/2026\/04\/DSC_8069-1024x683.jpg 1024w, https:\/\/styrke.no\/content\/uploads\/2026\/04\/DSC_8069-300x200.jpg 300w, https:\/\/styrke.no\/content\/uploads\/2026\/04\/DSC_8069-768x513.jpg 768w, https:\/\/styrke.no\/content\/uploads\/2026\/04\/DSC_8069-1536x1025.jpg 1536w, https:\/\/styrke.no\/content\/uploads\/2026\/04\/DSC_8069-scaled.jpg 2048w\" \/><\/figure>\n\n<div class=\"wp-block-group alignfull is-layout-flow wp-block-group-is-layout-flow\">\n\t<div class=\"wp-block-post-date\">april 24, 2026<\/div>\n\t<h2 class=\"t2-post-title wp-block-t2-post-title\">Styrke Ungs industritur: Industrien m\u00e5 sees for \u00e5 forst\u00e5s<\/h2>\n\t<div class=\"t2-post-excerpt wp-block-t2-post-excerpt\"><p>\u2013 Det er enormt viktig at framtidige politikere f\u00e5r se hva som faktisk r\u00f8rer seg ute i industrien, og hvor&hellip;<\/p><\/div>\n\t<div class=\"dekode-post-category wp-block-dekode-post-category\"><span class=\"teft-cards-category-link\">Landindustri<\/span><\/div>\n<\/div>\n\n<\/a>\n<\/div>\t\t\t\t<div class=\"t2-featured-single-post t2-featured-content is-post-type-news news-category-landindustri news-tag-arbeidsliv news-tag-mobel news-tag-politikk wp-block-t2-featured-single-post t2-featured-content-layout-col-4\"><a class=\"t2-post-link wp-block-t2-post-link\" href=\"https:\/\/styrke.no\/nyhet\/vil-styrke-eksport-og-kompetanse-i-designindustrien\/\">\n<figure style=\"--t2-focal-point: 50% 50%\" class=\"t2-post-featured-image has-image-ratio-16-9 wp-block-t2-post-featured-image\"><img loading=\"lazy\" decoding=\"async\" width=\"1024\" height=\"662\" src=\"https:\/\/styrke.no\/content\/uploads\/2026\/04\/DSC_7081-24-1024x662.jpg\" class=\"attachment-large size-large wp-post-image\" alt=\"\" srcset=\"https:\/\/styrke.no\/content\/uploads\/2026\/04\/DSC_7081-24-1024x662.jpg 1024w, https:\/\/styrke.no\/content\/uploads\/2026\/04\/DSC_7081-24-300x194.jpg 300w, https:\/\/styrke.no\/content\/uploads\/2026\/04\/DSC_7081-24-768x496.jpg 768w, https:\/\/styrke.no\/content\/uploads\/2026\/04\/DSC_7081-24-1536x993.jpg 1536w, https:\/\/styrke.no\/content\/uploads\/2026\/04\/DSC_7081-24-scaled.jpg 2048w\" \/><\/figure>\n\n<div class=\"wp-block-group alignfull is-layout-flow wp-block-group-is-layout-flow\">\n\t<div class=\"wp-block-post-date\">april 22, 2026<\/div>\n\t<h2 class=\"t2-post-title wp-block-t2-post-title\">Vil styrke eksport og kompetanse i designindustrien<\/h2>\n\t<div class=\"t2-post-excerpt wp-block-t2-post-excerpt\"><p>Eksport var et viktig tema da bedrifter, tillitsvalgte og politikere samlet seg til Designindustrikonferansen 2026 p\u00e5 Nasjonalmuseet i Oslo.<\/p><\/div>\n\t<div class=\"dekode-post-category wp-block-dekode-post-category\"><span class=\"teft-cards-category-link\">Landindustri<\/span><\/div>\n<\/div>\n\n<\/a>\n<\/div>\t\t\t<\/div>\n\t<\/div>\n\t<\/div>\n\t\t\n\n\t\t<div class=\"network-cards alignfull\">\n\t\t<div class=\"network-cards__inner\">\n\t\t\t\t\t\t<h2>Kurs fra forbundet<\/h2>\n\t\t\t\t\t<div class=\"t2-featured-content-layout wp-block-t2-featured-content-layout\">\n\t\t\t\t\t<div class=\"t2-featured-single-post t2-featured-content is-post-type-course course-category-digitalt course-category-kurs-2 course-place-web wp-block-t2-featured-single-post t2-featured-content-layout-col-4\"><a class=\"t2-post-link wp-block-t2-post-link\" href=\"https:\/\/styrke.no\/kurs\/digital-e-laering-ny-i-styrke\/\">\n\n<figure style=\"--t2-focal-point: 50% 50%\" class=\"t2-post-featured-image has-image-ratio-16-9 wp-block-t2-post-featured-image\"><img loading=\"lazy\" decoding=\"async\" width=\"768\" height=\"548\" src=\"https:\/\/styrke.no\/content\/uploads\/2025\/03\/DSC_8709-768x548.jpg\" class=\"attachment-medium_large size-medium_large wp-post-image\" alt=\"\" srcset=\"https:\/\/styrke.no\/content\/uploads\/2025\/03\/DSC_8709-768x548.jpg 768w, https:\/\/styrke.no\/content\/uploads\/2025\/03\/DSC_8709-300x214.jpg 300w, https:\/\/styrke.no\/content\/uploads\/2025\/03\/DSC_8709-1024x730.jpg 1024w, https:\/\/styrke.no\/content\/uploads\/2025\/03\/DSC_8709-1536x1095.jpg 1536w, https:\/\/styrke.no\/content\/uploads\/2025\/03\/DSC_8709-scaled.jpg 2048w\" \/><\/figure>\n\n<div class=\"wp-block-group alignfull card-content is-layout-flow wp-block-group-is-layout-flow\">\n\t<h2 class=\"t2-post-title wp-block-t2-post-title\">Digital e-l\u00e6ring &#8211; Ny i Styrke<\/h2>\n\t<div class=\"dekode-course-card-meta type-meta type-is-sticky wp-block-dekode-course-card-meta\"><div class=\"card-meta\"> <p class=\"card-meta__location\">Digitalt\/web<\/p><\/div><\/div>\n<\/div>\n\n<\/a>\n<\/div>\t\t\t\t<div class=\"t2-featured-single-post t2-featured-content is-post-type-course course-category-konferanse course-place-quality-airport-hotel-stavanger wp-block-t2-featured-single-post t2-featured-content-layout-col-4\"><a class=\"t2-post-link wp-block-t2-post-link\" href=\"https:\/\/styrke.no\/kurs\/offshore-helikopterkonferanse-2026\/\">\n<div class=\"dekode-course-card-meta type-badge wp-block-dekode-course-card-meta\"><div class=\"date-badge\"><div class=\"date-badge__month\">mai<\/div><div class=\"date-badge__day\">6<\/div><\/div><\/div>\n<figure style=\"--t2-focal-point: 50% 50%\" class=\"t2-post-featured-image has-image-ratio-16-9 wp-block-t2-post-featured-image\"><img loading=\"lazy\" decoding=\"async\" width=\"768\" height=\"488\" src=\"https:\/\/styrke.no\/content\/uploads\/2024\/09\/DSC_2546-1-768x488.jpg\" class=\"attachment-medium_large size-medium_large wp-post-image\" alt=\"\" srcset=\"https:\/\/styrke.no\/content\/uploads\/2024\/09\/DSC_2546-1-768x488.jpg 768w, https:\/\/styrke.no\/content\/uploads\/2024\/09\/DSC_2546-1-300x191.jpg 300w, https:\/\/styrke.no\/content\/uploads\/2024\/09\/DSC_2546-1-1024x651.jpg 1024w, https:\/\/styrke.no\/content\/uploads\/2024\/09\/DSC_2546-1-1536x976.jpg 1536w, https:\/\/styrke.no\/content\/uploads\/2024\/09\/DSC_2546-1.jpg 2048w\" \/><\/figure>\n\n<div class=\"wp-block-group alignfull card-content is-layout-flow wp-block-group-is-layout-flow\">\n\t<h2 class=\"t2-post-title wp-block-t2-post-title\">Offshore helikopterkonferanse 2026<\/h2>\n\t<div class=\"dekode-course-card-meta type-meta wp-block-dekode-course-card-meta\"><div class=\"card-meta\"><p class=\"card-meta__date\">onsdag 6. mai 2026 kl 12:00 &#8211; torsdag 7. mai 2026 kl 12:00<\/p> <p class=\"card-meta__location\">Quality Airport Hotel Stavanger<\/p><\/div><\/div>\n<\/div>\n\n<\/a>\n<\/div>\t\t\t\t<div class=\"t2-featured-single-post t2-featured-content is-post-type-course course-category-konferanse course-place-sola-strandhotell wp-block-t2-featured-single-post t2-featured-content-layout-col-4\"><a class=\"t2-post-link wp-block-t2-post-link\" href=\"https:\/\/styrke.no\/kurs\/arbeiderkonferansen-var-2026\/\">\n<div class=\"dekode-course-card-meta type-badge wp-block-dekode-course-card-meta\"><div class=\"date-badge\"><div class=\"date-badge__month\">mai<\/div><div class=\"date-badge__day\">18<\/div><\/div><\/div>\n<figure style=\"--t2-focal-point: 50% 50%\" class=\"t2-post-featured-image has-image-ratio-16-9 wp-block-t2-post-featured-image\"><img loading=\"lazy\" decoding=\"async\" width=\"768\" height=\"511\" src=\"https:\/\/styrke.no\/content\/uploads\/2025\/11\/L1016481-2-768x511.jpg\" class=\"attachment-medium_large size-medium_large wp-post-image\" alt=\"\" srcset=\"https:\/\/styrke.no\/content\/uploads\/2025\/11\/L1016481-2-768x511.jpg 768w, https:\/\/styrke.no\/content\/uploads\/2025\/11\/L1016481-2-300x200.jpg 300w, https:\/\/styrke.no\/content\/uploads\/2025\/11\/L1016481-2-1024x682.jpg 1024w, https:\/\/styrke.no\/content\/uploads\/2025\/11\/L1016481-2-1536x1022.jpg 1536w, https:\/\/styrke.no\/content\/uploads\/2025\/11\/L1016481-2-scaled.jpg 2048w\" \/><\/figure>\n\n<div class=\"wp-block-group alignfull card-content is-layout-flow wp-block-group-is-layout-flow\">\n\t<h2 class=\"t2-post-title wp-block-t2-post-title\">Arbeiderkonferansen\u00a0 V\u00e5r \u2013 2026<\/h2>\n\t<div class=\"dekode-course-card-meta type-meta wp-block-dekode-course-card-meta\"><div class=\"card-meta\"><p class=\"card-meta__date\">mandag 18. mai 2026 kl 11:00 &#8211; torsdag 21. mai 2026 kl 14:00<\/p> <p class=\"card-meta__location\">Sola Strandhotell<\/p><\/div><\/div>\n<\/div>\n\n<\/a>\n<\/div>\t\t\t\t<div class=\"t2-featured-single-post t2-featured-content is-post-type-course course-category-kurs-2 course-place-forbundet-styrke-stavanger wp-block-t2-featured-single-post t2-featured-content-layout-col-4\"><a class=\"t2-post-link wp-block-t2-post-link\" href=\"https:\/\/styrke.no\/kurs\/kurs-om-pensjon-3\/\">\n<div class=\"dekode-course-card-meta type-badge wp-block-dekode-course-card-meta\"><div class=\"date-badge\"><div class=\"date-badge__month\">jun<\/div><div class=\"date-badge__day\">1<\/div><\/div><\/div>\n<figure style=\"--t2-focal-point: 50% 50%\" class=\"t2-post-featured-image has-image-ratio-16-9 wp-block-t2-post-featured-image\"><img loading=\"lazy\" decoding=\"async\" width=\"768\" height=\"384\" src=\"https:\/\/styrke.no\/content\/uploads\/2021\/07\/Pensjon-768x384.jpg\" class=\"attachment-medium_large size-medium_large wp-post-image\" alt=\"\" srcset=\"https:\/\/styrke.no\/content\/uploads\/2021\/07\/Pensjon-768x384.jpg 768w, https:\/\/styrke.no\/content\/uploads\/2021\/07\/Pensjon-300x150.jpg 300w, https:\/\/styrke.no\/content\/uploads\/2021\/07\/Pensjon.jpg 900w\" \/><\/figure>\n\n<div class=\"wp-block-group alignfull card-content is-layout-flow wp-block-group-is-layout-flow\">\n\t<h2 class=\"t2-post-title wp-block-t2-post-title\">Kurs om pensjon.<\/h2>\n\t<div class=\"dekode-course-card-meta type-meta wp-block-dekode-course-card-meta\"><div class=\"card-meta\"><p class=\"card-meta__date\">mandag 1. juni 2026 kl 10:00 &#8211; tirsdag 2. juni 2026 kl 15:00<\/p> <p class=\"card-meta__location\">Forbundet Styrke &#8211; Stavanger<\/p><\/div><\/div>\n<\/div>\n\n<\/a>\n<\/div>\t\t\t<\/div>\n\t<\/div>\n\t<\/div>\n\t\t","protected":false},"excerpt":{"rendered":"","protected":false},"author":121,"featured_media":0,"parent":0,"menu_order":0,"comment_status":"closed","ping_status":"closed","template":"","meta":{"_acf_changed":false,"teft_cards_image_id":0,"teft_cards_image_focal_point_x":0,"teft_cards_image_focal_point_y":0,"teft_cards_title":"","teft_cards_excerpt":"","footnotes":""},"news-tag":[],"class_list":["post-4","page","type-page","status-publish","hentry"],"yoast_head":"<!-- This site is optimized with the Yoast SEO Premium plugin v22.4 (Yoast SEO v23.0) - https:\/\/yoast.com\/wordpress\/plugins\/seo\/ -->\n<title>Forside - Moduklubben<\/title>\n<meta name=\"robots\" content=\"index, follow, max-snippet:-1, max-image-preview:large, max-video-preview:-1\" \/>\n<link rel=\"canonical\" href=\"https:\/\/styrke.no\/moduklubben\/\" \/>\n<meta property=\"og:locale\" content=\"nb_NO\" \/>\n<meta property=\"og:type\" content=\"article\" \/>\n<meta property=\"og:title\" content=\"Forside\" \/>\n<meta property=\"og:url\" content=\"https:\/\/styrke.no\/moduklubben\/\" \/>\n<meta property=\"og:site_name\" content=\"Moduklubben\" \/>\n<meta property=\"article:modified_time\" content=\"2023-09-14T11:12:32+00:00\" \/>\n<meta name=\"twitter:card\" content=\"summary_large_image\" \/>\n<script type=\"application\/ld+json\" class=\"yoast-schema-graph\">{\"@context\":\"https:\/\/schema.org\",\"@graph\":[{\"@type\":\"WebPage\",\"@id\":\"https:\/\/styrke.no\/moduklubben\/\",\"url\":\"https:\/\/styrke.no\/moduklubben\/\",\"name\":\"Forside - Moduklubben\",\"isPartOf\":{\"@id\":\"https:\/\/styrke.no\/moduklubben\/#website\"},\"datePublished\":\"2021-09-23T11:29:47+00:00\",\"dateModified\":\"2023-09-14T11:12:32+00:00\",\"breadcrumb\":{\"@id\":\"https:\/\/styrke.no\/moduklubben\/#breadcrumb\"},\"inLanguage\":\"nb-NO\",\"potentialAction\":[{\"@type\":\"ReadAction\",\"target\":[\"https:\/\/styrke.no\/moduklubben\/\"]}]},{\"@type\":\"BreadcrumbList\",\"@id\":\"https:\/\/styrke.no\/moduklubben\/#breadcrumb\",\"itemListElement\":[{\"@type\":\"ListItem\",\"position\":1,\"name\":\"Hjem\",\"item\":\"https:\/\/styrke.no\/moduklubben\/\"},{\"@type\":\"ListItem\",\"position\":2,\"name\":\"Forside\"}]},{\"@type\":\"WebSite\",\"@id\":\"https:\/\/styrke.no\/moduklubben\/#website\",\"url\":\"https:\/\/styrke.no\/moduklubben\/\",\"name\":\"Moduklubben\",\"description\":\"Bare enda et Industrienergi Sites-nettsted\",\"publisher\":{\"@id\":\"https:\/\/styrke.no\/moduklubben\/#organization\"},\"potentialAction\":[{\"@type\":\"SearchAction\",\"target\":{\"@type\":\"EntryPoint\",\"urlTemplate\":\"https:\/\/styrke.no\/moduklubben\/?s={search_term_string}\"},\"query-input\":\"required name=search_term_string\"}],\"inLanguage\":\"nb-NO\"},{\"@type\":\"Organization\",\"@id\":\"https:\/\/styrke.no\/moduklubben\/#organization\",\"name\":\"Moduklubben\",\"url\":\"https:\/\/styrke.no\/moduklubben\/\",\"logo\":{\"@type\":\"ImageObject\",\"inLanguage\":\"nb-NO\",\"@id\":\"https:\/\/styrke.no\/moduklubben\/#\/schema\/logo\/image\/\",\"url\":\"https:\/\/styrke.no\/content\/uploads\/sites\/23\/2024\/09\/Styrke-logo.svg\",\"contentUrl\":\"https:\/\/styrke.no\/content\/uploads\/sites\/23\/2024\/09\/Styrke-logo.svg\",\"width\":185,\"height\":54,\"caption\":\"Moduklubben\"},\"image\":{\"@id\":\"https:\/\/styrke.no\/moduklubben\/#\/schema\/logo\/image\/\"}}]}<\/script>\n<!-- \/ Yoast SEO Premium plugin. -->","yoast_head_json":{"title":"Forside - Moduklubben","robots":{"index":"index","follow":"follow","max-snippet":"max-snippet:-1","max-image-preview":"max-image-preview:large","max-video-preview":"max-video-preview:-1"},"canonical":"https:\/\/styrke.no\/moduklubben\/","og_locale":"nb_NO","og_type":"article","og_title":"Forside","og_url":"https:\/\/styrke.no\/moduklubben\/","og_site_name":"Moduklubben","article_modified_time":"2023-09-14T11:12:32+00:00","twitter_card":"summary_large_image","schema":{"@context":"https:\/\/schema.org","@graph":[{"@type":"WebPage","@id":"https:\/\/styrke.no\/moduklubben\/","url":"https:\/\/styrke.no\/moduklubben\/","name":"Forside - Moduklubben","isPartOf":{"@id":"https:\/\/styrke.no\/moduklubben\/#website"},"datePublished":"2021-09-23T11:29:47+00:00","dateModified":"2023-09-14T11:12:32+00:00","breadcrumb":{"@id":"https:\/\/styrke.no\/moduklubben\/#breadcrumb"},"inLanguage":"nb-NO","potentialAction":[{"@type":"ReadAction","target":["https:\/\/styrke.no\/moduklubben\/"]}]},{"@type":"BreadcrumbList","@id":"https:\/\/styrke.no\/moduklubben\/#breadcrumb","itemListElement":[{"@type":"ListItem","position":1,"name":"Hjem","item":"https:\/\/styrke.no\/moduklubben\/"},{"@type":"ListItem","position":2,"name":"Forside"}]},{"@type":"WebSite","@id":"https:\/\/styrke.no\/moduklubben\/#website","url":"https:\/\/styrke.no\/moduklubben\/","name":"Moduklubben","description":"Bare enda et Industrienergi Sites-nettsted","publisher":{"@id":"https:\/\/styrke.no\/moduklubben\/#organization"},"potentialAction":[{"@type":"SearchAction","target":{"@type":"EntryPoint","urlTemplate":"https:\/\/styrke.no\/moduklubben\/?s={search_term_string}"},"query-input":"required name=search_term_string"}],"inLanguage":"nb-NO"},{"@type":"Organization","@id":"https:\/\/styrke.no\/moduklubben\/#organization","name":"Moduklubben","url":"https:\/\/styrke.no\/moduklubben\/","logo":{"@type":"ImageObject","inLanguage":"nb-NO","@id":"https:\/\/styrke.no\/moduklubben\/#\/schema\/logo\/image\/","url":"https:\/\/styrke.no\/content\/uploads\/sites\/23\/2024\/09\/Styrke-logo.svg","contentUrl":"https:\/\/styrke.no\/content\/uploads\/sites\/23\/2024\/09\/Styrke-logo.svg","width":185,"height":54,"caption":"Moduklubben"},"image":{"@id":"https:\/\/styrke.no\/moduklubben\/#\/schema\/logo\/image\/"}}]}},"acf":[],"_links":{"self":[{"href":"https:\/\/styrke.no\/moduklubben\/wp-json\/wp\/v2\/pages\/4"}],"collection":[{"href":"https:\/\/styrke.no\/moduklubben\/wp-json\/wp\/v2\/pages"}],"about":[{"href":"https:\/\/styrke.no\/moduklubben\/wp-json\/wp\/v2\/types\/page"}],"author":[{"embeddable":true,"href":"https:\/\/styrke.no\/moduklubben\/wp-json\/wp\/v2\/users\/121"}],"replies":[{"embeddable":true,"href":"https:\/\/styrke.no\/moduklubben\/wp-json\/wp\/v2\/comments?post=4"}],"version-history":[{"count":24,"href":"https:\/\/styrke.no\/moduklubben\/wp-json\/wp\/v2\/pages\/4\/revisions"}],"predecessor-version":[{"id":310,"href":"https:\/\/styrke.no\/moduklubben\/wp-json\/wp\/v2\/pages\/4\/revisions\/310"}],"wp:attachment":[{"href":"https:\/\/styrke.no\/moduklubben\/wp-json\/wp\/v2\/media?parent=4"}],"wp:term":[{"taxonomy":"news-tag","embeddable":true,"href":"https:\/\/styrke.no\/moduklubben\/wp-json\/wp\/v2\/news-tag?post=4"}],"curies":[{"name":"wp","href":"https:\/\/api.w.org\/{rel}","templated":true}]}}