{"id":4,"date":"2021-09-23T13:29:47","date_gmt":"2021-09-23T11:29:47","guid":{"rendered":"https:\/\/styrke.no\/sdaf\/?page_id=4"},"modified":"2025-07-15T12:43:36","modified_gmt":"2025-07-15T10:43:36","slug":"forside","status":"publish","type":"page","link":"https:\/\/styrke.no\/sdaf\/","title":{"rendered":"Forside"},"content":{"rendered":"\t<div class=\"hero alignfull is-style-default is-style-default wp-block-dekode-hero has-background has-primary-200-background-color\">\n\t\t<div class=\"hero__inner\">\n\t\t\t<div class=\"hero__media\">\n\t\t\t\t\n\t\t<div class=\"illustration\">\n\t\t<img loading=\"lazy\" decoding=\"async\" width=\"1024\" height=\"683\" src=\"https:\/\/styrke.no\/content\/uploads\/sites\/27\/2022\/01\/hydro04-scaled-1-1024x683.jpeg\" class=\"illustration__image\" alt=\"\" style=\"object-position: 50% 50%\" srcset=\"https:\/\/styrke.no\/content\/uploads\/sites\/27\/2022\/01\/hydro04-scaled-1-1024x683.jpeg 1024w, https:\/\/styrke.no\/content\/uploads\/sites\/27\/2022\/01\/hydro04-scaled-1-300x200.jpeg 300w, https:\/\/styrke.no\/content\/uploads\/sites\/27\/2022\/01\/hydro04-scaled-1-768x512.jpeg 768w, https:\/\/styrke.no\/content\/uploads\/sites\/27\/2022\/01\/hydro04-scaled-1-1536x1024.jpeg 1536w, https:\/\/styrke.no\/content\/uploads\/sites\/27\/2022\/01\/hydro04-scaled-1-2048x1366.jpeg 2048w\" \/>\t<\/div>\n\t\t\n\t\t\t<\/div>\n\n\t\t\t<div class=\"hero__content\">\n\t\t\t\t<h1 class=\"hero__title\">Styrke i Shelf Drilling<\/h1>\t\t\t\t\t<p>Fagforeningen for ansatte i Shelf Drilling<\/p>\n\t\t\t\t\t\t\t\t<\/div>\n\t\t<\/div>\n\t<\/div>\n\t\n\n\n\t<div class=\"dekode-featured-news alignfull wp-block-dekode-featured-news\">\n\t\t<div class=\"dekode-featured-news__inner\">\n\t\t\t\t\t\t\t<h2>Nyheter<\/h2>\n\t\t\t\t\t\t\n\t\t\t<div class=\"t2-featured-content-layout wp-block-t2-featured-content-layout\">\n\t\t\t\t<div class=\"t2-featured-single-post t2-featured-content is-post-type-news wp-block-t2-featured-single-post t2-featured-content-layout-col-12\"><a class=\"t2-post-link wp-block-t2-post-link\" href=\"https:\/\/styrke.no\/sdaf\/nyhet\/sdaf-website\/\">\n<figure style=\"--t2-focal-point: 50% 50%\" class=\"t2-post-featured-image has-image-ratio-16-9 wp-block-t2-post-featured-image\"><img loading=\"lazy\" decoding=\"async\" width=\"1024\" height=\"681\" src=\"https:\/\/styrke.no\/content\/uploads\/sites\/27\/2021\/11\/news-dummy-img.jpg\" class=\"attachment-large size-large wp-post-image\" alt=\"\" srcset=\"https:\/\/styrke.no\/content\/uploads\/sites\/27\/2021\/11\/news-dummy-img.jpg 1024w, https:\/\/styrke.no\/content\/uploads\/sites\/27\/2021\/11\/news-dummy-img-300x200.jpg 300w, https:\/\/styrke.no\/content\/uploads\/sites\/27\/2021\/11\/news-dummy-img-768x511.jpg 768w\" \/><\/figure>\n\n<div class=\"wp-block-group alignfull is-layout-flow wp-block-group-is-layout-flow\">\n\t<div class=\"wp-block-post-date\">July 15, 2025<\/div>\n\t<h2 class=\"t2-post-title wp-block-t2-post-title\">SDAF website<\/h2>\n\t<div class=\"t2-post-excerpt wp-block-t2-post-excerpt\"><p>Nettsiden er p\u00e5 plass<\/p><\/div>\n\t<div class=\"dekode-post-category wp-block-dekode-post-category\"><\/div>\n<\/div>\n\n<\/a>\n<\/div>\t\t\t<\/div>\n\n\t\t\t\t\t\t\t<div class=\"wp-block-button is-style-inline\"><a class=\"wp-block-button__link\" href=\"https:\/\/styrke.no\/sdaf\/nyheter\/\">Vis alle nyheter<\/a><\/div>\n\t\t\t\n\t\t\t\t\t<\/div>\n\t<\/div>\n\n\t\n\n\t\t<div class=\"network-cards alignfull\">\n\t\t<div class=\"network-cards__inner\">\n\t\t\t\t\t\t<h2>Nyheter fra forbundet<\/h2>\n\t\t\t\t\t<div class=\"t2-featured-content-layout wp-block-t2-featured-content-layout\">\n\t\t\t\t\t<div class=\"t2-featured-single-post t2-featured-content is-post-type-news news-category-lonn-og-arbeidsliv news-tag-arbeidsliv news-tag-politikk wp-block-t2-featured-single-post t2-featured-content-layout-col-4\"><a class=\"t2-post-link wp-block-t2-post-link\" href=\"https:\/\/styrke.no\/nyhet\/dette-skjer-pa-1-mai\/\">\n<figure style=\"--t2-focal-point: 50% 50%\" class=\"t2-post-featured-image has-image-ratio-16-9 wp-block-t2-post-featured-image\"><img loading=\"lazy\" decoding=\"async\" width=\"1024\" height=\"682\" src=\"https:\/\/styrke.no\/content\/uploads\/2025\/05\/DSC_6087-kopi-1024x682.jpg\" class=\"attachment-large size-large wp-post-image\" alt=\"\" srcset=\"https:\/\/styrke.no\/content\/uploads\/2025\/05\/DSC_6087-kopi-1024x682.jpg 1024w, https:\/\/styrke.no\/content\/uploads\/2025\/05\/DSC_6087-kopi-300x200.jpg 300w, https:\/\/styrke.no\/content\/uploads\/2025\/05\/DSC_6087-kopi-768x511.jpg 768w, https:\/\/styrke.no\/content\/uploads\/2025\/05\/DSC_6087-kopi-1536x1022.jpg 1536w, https:\/\/styrke.no\/content\/uploads\/2025\/05\/DSC_6087-kopi-scaled.jpg 2048w\" \/><\/figure>\n\n<div class=\"wp-block-group alignfull is-layout-flow wp-block-group-is-layout-flow\">\n\t<div class=\"wp-block-post-date\">April 30, 2026<\/div>\n\t<h2 class=\"t2-post-title wp-block-t2-post-title\">Dette skjer p\u00e5 1. mai<\/h2>\n\t<div class=\"t2-post-excerpt wp-block-t2-post-excerpt\"><p>1.mai er arbeiderbevegelsens festdag. Her er en oversikt over noen arrangementer der Forbundet Styrke skal delta og holde taler.<\/p><\/div>\n\t<div class=\"dekode-post-category wp-block-dekode-post-category\"><span class=\"teft-cards-category-link\">Arbeidsliv og rettigheter<\/span><\/div>\n<\/div>\n\n<\/a>\n<\/div>\t\t\t\t<div class=\"t2-featured-single-post t2-featured-content is-post-type-news news-category-olje-og-gass news-tag-hovedoppgjoret news-tag-offshore news-tag-sokkel wp-block-t2-featured-single-post t2-featured-content-layout-col-4\"><a class=\"t2-post-link wp-block-t2-post-link\" href=\"https:\/\/styrke.no\/nyhet\/brudd-i-sokkelforhandlingene\/\">\n<figure style=\"--t2-focal-point: 50% 50%\" class=\"t2-post-featured-image has-image-ratio-16-9 wp-block-t2-post-featured-image\"><img loading=\"lazy\" decoding=\"async\" width=\"1024\" height=\"768\" src=\"https:\/\/styrke.no\/content\/uploads\/2026\/04\/20260429_104013-1024x768.jpg\" class=\"attachment-large size-large wp-post-image\" alt=\"\" srcset=\"https:\/\/styrke.no\/content\/uploads\/2026\/04\/20260429_104013-1024x768.jpg 1024w, https:\/\/styrke.no\/content\/uploads\/2026\/04\/20260429_104013-300x225.jpg 300w, https:\/\/styrke.no\/content\/uploads\/2026\/04\/20260429_104013-768x576.jpg 768w, https:\/\/styrke.no\/content\/uploads\/2026\/04\/20260429_104013-1536x1152.jpg 1536w, https:\/\/styrke.no\/content\/uploads\/2026\/04\/20260429_104013-scaled.jpg 2048w\" \/><\/figure>\n\n<div class=\"wp-block-group alignfull is-layout-flow wp-block-group-is-layout-flow\">\n\t<div class=\"wp-block-post-date\">April 29, 2026<\/div>\n\t<h2 class=\"t2-post-title wp-block-t2-post-title\">Brudd i sokkelforhandlingene<\/h2>\n\t<div class=\"t2-post-excerpt wp-block-t2-post-excerpt\"><p>Forbundet Styrke har onsdag kveld brutt med Offshore Norge i forhandlingene for offshoreansatte i operat\u00f8r-, boring- og forpleiningsselskaper.<\/p><\/div>\n\t<div class=\"dekode-post-category wp-block-dekode-post-category\"><span class=\"teft-cards-category-link\">Olje og gass<\/span><\/div>\n<\/div>\n\n<\/a>\n<\/div>\t\t\t\t<div class=\"t2-featured-single-post t2-featured-content is-post-type-news news-category-landindustri news-tag-hovedoppgjoret news-tag-lonnsforhandlinger news-tag-tariff wp-block-t2-featured-single-post t2-featured-content-layout-col-4\"><a class=\"t2-post-link wp-block-t2-post-link\" href=\"https:\/\/styrke.no\/nyhet\/hovedoppgjoret-2026-enighet-i-elektrokjemisk-forhandlingene\/\">\n<figure style=\"--t2-focal-point: 50% 50%\" class=\"t2-post-featured-image has-image-ratio-16-9 wp-block-t2-post-featured-image\"><img loading=\"lazy\" decoding=\"async\" width=\"1024\" height=\"670\" src=\"https:\/\/styrke.no\/content\/uploads\/2026\/04\/DSC_9359-1024x670.jpg\" class=\"attachment-large size-large wp-post-image\" alt=\"\" srcset=\"https:\/\/styrke.no\/content\/uploads\/2026\/04\/DSC_9359-1024x670.jpg 1024w, https:\/\/styrke.no\/content\/uploads\/2026\/04\/DSC_9359-300x196.jpg 300w, https:\/\/styrke.no\/content\/uploads\/2026\/04\/DSC_9359-768x503.jpg 768w, https:\/\/styrke.no\/content\/uploads\/2026\/04\/DSC_9359-1536x1005.jpg 1536w, https:\/\/styrke.no\/content\/uploads\/2026\/04\/DSC_9359-scaled.jpg 2048w\" \/><\/figure>\n\n<div class=\"wp-block-group alignfull is-layout-flow wp-block-group-is-layout-flow\">\n\t<div class=\"wp-block-post-date\">April 29, 2026<\/div>\n\t<h2 class=\"t2-post-title wp-block-t2-post-title\">Hovedoppgj\u00f8ret 2026: Enighet i elektrokjemisk-forhandlingene<\/h2>\n\t<div class=\"t2-post-excerpt wp-block-t2-post-excerpt\"><p>\u2013 Jeg synes vi kom i m\u00e5l med et veldig bra oppgj\u00f8r for medlemmene v\u00e5re, innenfor rammen frontfaget har gitt&hellip;<\/p><\/div>\n\t<div class=\"dekode-post-category wp-block-dekode-post-category\"><span class=\"teft-cards-category-link\">Landindustri<\/span><\/div>\n<\/div>\n\n<\/a>\n<\/div>\t\t\t\t<div class=\"t2-featured-single-post t2-featured-content is-post-type-news news-category-olje-og-gass news-tag-arbeidsliv news-tag-hovedoppgjoret news-tag-lonnsforhandlinger wp-block-t2-featured-single-post t2-featured-content-layout-col-4\"><a class=\"t2-post-link wp-block-t2-post-link\" href=\"https:\/\/styrke.no\/nyhet\/hovedoppgjoret-2026-sokkeloppgjoret-har-startet\/\">\n<figure style=\"--t2-focal-point: 50% 50%\" class=\"t2-post-featured-image has-image-ratio-16-9 wp-block-t2-post-featured-image\"><img loading=\"lazy\" decoding=\"async\" width=\"1024\" height=\"768\" src=\"https:\/\/styrke.no\/content\/uploads\/2026\/04\/20260428_101843-1024x768.jpg\" class=\"attachment-large size-large wp-post-image\" alt=\"\" srcset=\"https:\/\/styrke.no\/content\/uploads\/2026\/04\/20260428_101843-1024x768.jpg 1024w, https:\/\/styrke.no\/content\/uploads\/2026\/04\/20260428_101843-300x225.jpg 300w, https:\/\/styrke.no\/content\/uploads\/2026\/04\/20260428_101843-768x576.jpg 768w, https:\/\/styrke.no\/content\/uploads\/2026\/04\/20260428_101843-1536x1152.jpg 1536w, https:\/\/styrke.no\/content\/uploads\/2026\/04\/20260428_101843-scaled.jpg 2048w\" \/><\/figure>\n\n<div class=\"wp-block-group alignfull is-layout-flow wp-block-group-is-layout-flow\">\n\t<div class=\"wp-block-post-date\">April 28, 2026<\/div>\n\t<h2 class=\"t2-post-title wp-block-t2-post-title\">Hovedoppgj\u00f8ret 2026: Sokkeloppgj\u00f8ret har startet<\/h2>\n\t<div class=\"t2-post-excerpt wp-block-t2-post-excerpt\"><p>Forhandlingene om sokkelavtalene for ansatte innen operat\u00f8r-, boring- og forpleiningsbedrifter er i gang. Det er satt av to dager til&hellip;<\/p><\/div>\n\t<div class=\"dekode-post-category wp-block-dekode-post-category\"><span class=\"teft-cards-category-link\">Olje og gass<\/span><\/div>\n<\/div>\n\n<\/a>\n<\/div>\t\t\t<\/div>\n\t<\/div>\n\t<\/div>\n\t\t\n\n\t\t<div class=\"network-cards alignfull\">\n\t\t<div class=\"network-cards__inner\">\n\t\t\t\t\t\t<h2>Kurs fra forbundet<\/h2>\n\t\t\t\t\t<div class=\"t2-featured-content-layout wp-block-t2-featured-content-layout\">\n\t\t\t\t\t<div class=\"t2-featured-single-post t2-featured-content is-post-type-course course-category-digitalt course-category-kurs-2 course-place-web wp-block-t2-featured-single-post t2-featured-content-layout-col-4\"><a class=\"t2-post-link wp-block-t2-post-link\" href=\"https:\/\/styrke.no\/kurs\/digital-e-laering-ny-i-styrke\/\">\n\n<figure style=\"--t2-focal-point: 50% 50%\" class=\"t2-post-featured-image has-image-ratio-16-9 wp-block-t2-post-featured-image\"><img loading=\"lazy\" decoding=\"async\" width=\"768\" height=\"548\" src=\"https:\/\/styrke.no\/content\/uploads\/2025\/03\/DSC_8709-768x548.jpg\" class=\"attachment-medium_large size-medium_large wp-post-image\" alt=\"\" srcset=\"https:\/\/styrke.no\/content\/uploads\/2025\/03\/DSC_8709-768x548.jpg 768w, https:\/\/styrke.no\/content\/uploads\/2025\/03\/DSC_8709-300x214.jpg 300w, https:\/\/styrke.no\/content\/uploads\/2025\/03\/DSC_8709-1024x730.jpg 1024w, https:\/\/styrke.no\/content\/uploads\/2025\/03\/DSC_8709-1536x1095.jpg 1536w, https:\/\/styrke.no\/content\/uploads\/2025\/03\/DSC_8709-scaled.jpg 2048w\" \/><\/figure>\n\n<div class=\"wp-block-group alignfull card-content is-layout-flow wp-block-group-is-layout-flow\">\n\t<h2 class=\"t2-post-title wp-block-t2-post-title\">Digital e-l\u00e6ring &#8211; Ny i Styrke<\/h2>\n\t<div class=\"dekode-course-card-meta type-meta type-is-sticky wp-block-dekode-course-card-meta\"><div class=\"card-meta\"> <p class=\"card-meta__location\">Digitalt\/web<\/p><\/div><\/div>\n<\/div>\n\n<\/a>\n<\/div>\t\t\t\t<div class=\"t2-featured-single-post t2-featured-content is-post-type-course course-category-konferanse course-place-quality-airport-hotel-stavanger wp-block-t2-featured-single-post t2-featured-content-layout-col-4\"><a class=\"t2-post-link wp-block-t2-post-link\" href=\"https:\/\/styrke.no\/kurs\/offshore-helikopterkonferanse-2026\/\">\n<div class=\"dekode-course-card-meta type-badge wp-block-dekode-course-card-meta\"><div class=\"date-badge\"><div class=\"date-badge__month\">May<\/div><div class=\"date-badge__day\">6<\/div><\/div><\/div>\n<figure style=\"--t2-focal-point: 50% 50%\" class=\"t2-post-featured-image has-image-ratio-16-9 wp-block-t2-post-featured-image\"><img loading=\"lazy\" decoding=\"async\" width=\"768\" height=\"488\" src=\"https:\/\/styrke.no\/content\/uploads\/2024\/09\/DSC_2546-1-768x488.jpg\" class=\"attachment-medium_large size-medium_large wp-post-image\" alt=\"\" srcset=\"https:\/\/styrke.no\/content\/uploads\/2024\/09\/DSC_2546-1-768x488.jpg 768w, https:\/\/styrke.no\/content\/uploads\/2024\/09\/DSC_2546-1-300x191.jpg 300w, https:\/\/styrke.no\/content\/uploads\/2024\/09\/DSC_2546-1-1024x651.jpg 1024w, https:\/\/styrke.no\/content\/uploads\/2024\/09\/DSC_2546-1-1536x976.jpg 1536w, https:\/\/styrke.no\/content\/uploads\/2024\/09\/DSC_2546-1.jpg 2048w\" \/><\/figure>\n\n<div class=\"wp-block-group alignfull card-content is-layout-flow wp-block-group-is-layout-flow\">\n\t<h2 class=\"t2-post-title wp-block-t2-post-title\">Offshore helikopterkonferanse 2026<\/h2>\n\t<div class=\"dekode-course-card-meta type-meta wp-block-dekode-course-card-meta\"><div class=\"card-meta\"><p class=\"card-meta__date\">Wednesday 6. May 2026 kl 12:00 &#8211; Thursday 7. May 2026 kl 12:00<\/p> <p class=\"card-meta__location\">Quality Airport Hotel Stavanger<\/p><\/div><\/div>\n<\/div>\n\n<\/a>\n<\/div>\t\t\t\t<div class=\"t2-featured-single-post t2-featured-content is-post-type-course course-category-konferanse course-place-sola-strandhotell wp-block-t2-featured-single-post t2-featured-content-layout-col-4\"><a class=\"t2-post-link wp-block-t2-post-link\" href=\"https:\/\/styrke.no\/kurs\/arbeiderkonferansen-var-2026\/\">\n<div class=\"dekode-course-card-meta type-badge wp-block-dekode-course-card-meta\"><div class=\"date-badge\"><div class=\"date-badge__month\">May<\/div><div class=\"date-badge__day\">18<\/div><\/div><\/div>\n<figure style=\"--t2-focal-point: 50% 50%\" class=\"t2-post-featured-image has-image-ratio-16-9 wp-block-t2-post-featured-image\"><img loading=\"lazy\" decoding=\"async\" width=\"768\" height=\"511\" src=\"https:\/\/styrke.no\/content\/uploads\/2025\/11\/L1016481-2-768x511.jpg\" class=\"attachment-medium_large size-medium_large wp-post-image\" alt=\"\" srcset=\"https:\/\/styrke.no\/content\/uploads\/2025\/11\/L1016481-2-768x511.jpg 768w, https:\/\/styrke.no\/content\/uploads\/2025\/11\/L1016481-2-300x200.jpg 300w, https:\/\/styrke.no\/content\/uploads\/2025\/11\/L1016481-2-1024x682.jpg 1024w, https:\/\/styrke.no\/content\/uploads\/2025\/11\/L1016481-2-1536x1022.jpg 1536w, https:\/\/styrke.no\/content\/uploads\/2025\/11\/L1016481-2-scaled.jpg 2048w\" \/><\/figure>\n\n<div class=\"wp-block-group alignfull card-content is-layout-flow wp-block-group-is-layout-flow\">\n\t<h2 class=\"t2-post-title wp-block-t2-post-title\">Arbeiderkonferansen\u00a0 V\u00e5r \u2013 2026<\/h2>\n\t<div class=\"dekode-course-card-meta type-meta wp-block-dekode-course-card-meta\"><div class=\"card-meta\"><p class=\"card-meta__date\">Monday 18. May 2026 kl 11:00 &#8211; Thursday 21. May 2026 kl 14:00<\/p> <p class=\"card-meta__location\">Sola Strandhotell<\/p><\/div><\/div>\n<\/div>\n\n<\/a>\n<\/div>\t\t\t\t<div class=\"t2-featured-single-post t2-featured-content is-post-type-course course-category-kurs-2 course-place-forbundet-styrke-stavanger wp-block-t2-featured-single-post t2-featured-content-layout-col-4\"><a class=\"t2-post-link wp-block-t2-post-link\" href=\"https:\/\/styrke.no\/kurs\/kurs-om-pensjon-3\/\">\n<div class=\"dekode-course-card-meta type-badge wp-block-dekode-course-card-meta\"><div class=\"date-badge\"><div class=\"date-badge__month\">Jun<\/div><div class=\"date-badge__day\">1<\/div><\/div><\/div>\n<figure style=\"--t2-focal-point: 50% 50%\" class=\"t2-post-featured-image has-image-ratio-16-9 wp-block-t2-post-featured-image\"><img loading=\"lazy\" decoding=\"async\" width=\"768\" height=\"384\" src=\"https:\/\/styrke.no\/content\/uploads\/2021\/07\/Pensjon-768x384.jpg\" class=\"attachment-medium_large size-medium_large wp-post-image\" alt=\"\" srcset=\"https:\/\/styrke.no\/content\/uploads\/2021\/07\/Pensjon-768x384.jpg 768w, https:\/\/styrke.no\/content\/uploads\/2021\/07\/Pensjon-300x150.jpg 300w, https:\/\/styrke.no\/content\/uploads\/2021\/07\/Pensjon.jpg 900w\" \/><\/figure>\n\n<div class=\"wp-block-group alignfull card-content is-layout-flow wp-block-group-is-layout-flow\">\n\t<h2 class=\"t2-post-title wp-block-t2-post-title\">Kurs om pensjon.<\/h2>\n\t<div class=\"dekode-course-card-meta type-meta wp-block-dekode-course-card-meta\"><div class=\"card-meta\"><p class=\"card-meta__date\">Monday 1. June 2026 kl 10:00 &#8211; Tuesday 2. June 2026 kl 15:00<\/p> <p class=\"card-meta__location\">Forbundet Styrke &#8211; Stavanger<\/p><\/div><\/div>\n<\/div>\n\n<\/a>\n<\/div>\t\t\t<\/div>\n\t<\/div>\n\t<\/div>\n\t\t","protected":false},"excerpt":{"rendered":"","protected":false},"author":121,"featured_media":0,"parent":0,"menu_order":0,"comment_status":"closed","ping_status":"closed","template":"","meta":{"_acf_changed":false,"teft_cards_image_id":0,"teft_cards_image_focal_point_x":0,"teft_cards_image_focal_point_y":0,"teft_cards_title":"","teft_cards_excerpt":"","footnotes":""},"news-tag":[],"class_list":["post-4","page","type-page","status-publish","hentry"],"yoast_head":"<!-- This site is optimized with the Yoast SEO Premium plugin v22.4 (Yoast SEO v23.0) - https:\/\/yoast.com\/wordpress\/plugins\/seo\/ -->\n<title>Forside - Shelf Drilling Ansattes Forening<\/title>\n<meta name=\"robots\" content=\"index, follow, max-snippet:-1, max-image-preview:large, max-video-preview:-1\" \/>\n<link rel=\"canonical\" href=\"https:\/\/styrke.no\/sdaf\/\" \/>\n<meta property=\"og:locale\" content=\"en_US\" \/>\n<meta property=\"og:type\" content=\"article\" \/>\n<meta property=\"og:title\" content=\"Forside\" \/>\n<meta property=\"og:url\" content=\"https:\/\/styrke.no\/sdaf\/\" \/>\n<meta property=\"og:site_name\" content=\"Shelf Drilling Ansattes Forening\" \/>\n<meta property=\"article:modified_time\" content=\"2025-07-15T10:43:36+00:00\" \/>\n<meta name=\"twitter:card\" content=\"summary_large_image\" \/>\n<script type=\"application\/ld+json\" class=\"yoast-schema-graph\">{\"@context\":\"https:\/\/schema.org\",\"@graph\":[{\"@type\":\"WebPage\",\"@id\":\"https:\/\/styrke.no\/sdaf\/\",\"url\":\"https:\/\/styrke.no\/sdaf\/\",\"name\":\"Forside - Shelf Drilling Ansattes Forening\",\"isPartOf\":{\"@id\":\"https:\/\/styrke.no\/sdaf\/#website\"},\"datePublished\":\"2021-09-23T11:29:47+00:00\",\"dateModified\":\"2025-07-15T10:43:36+00:00\",\"breadcrumb\":{\"@id\":\"https:\/\/styrke.no\/sdaf\/#breadcrumb\"},\"inLanguage\":\"en-US\",\"potentialAction\":[{\"@type\":\"ReadAction\",\"target\":[\"https:\/\/styrke.no\/sdaf\/\"]}]},{\"@type\":\"BreadcrumbList\",\"@id\":\"https:\/\/styrke.no\/sdaf\/#breadcrumb\",\"itemListElement\":[{\"@type\":\"ListItem\",\"position\":1,\"name\":\"Hjem\",\"item\":\"https:\/\/styrke.no\/sdaf\/\"},{\"@type\":\"ListItem\",\"position\":2,\"name\":\"Forside\"}]},{\"@type\":\"WebSite\",\"@id\":\"https:\/\/styrke.no\/sdaf\/#website\",\"url\":\"https:\/\/styrke.no\/sdaf\/\",\"name\":\"Shelf Drilling Ansattes Forening\",\"description\":\"Enda et Styrke subsite-nettsted\",\"publisher\":{\"@id\":\"https:\/\/styrke.no\/sdaf\/#organization\"},\"potentialAction\":[{\"@type\":\"SearchAction\",\"target\":{\"@type\":\"EntryPoint\",\"urlTemplate\":\"https:\/\/styrke.no\/sdaf\/?s={search_term_string}\"},\"query-input\":\"required name=search_term_string\"}],\"inLanguage\":\"en-US\"},{\"@type\":\"Organization\",\"@id\":\"https:\/\/styrke.no\/sdaf\/#organization\",\"name\":\"Shelf Drilling Ansattes Forening\",\"url\":\"https:\/\/styrke.no\/sdaf\/\",\"logo\":{\"@type\":\"ImageObject\",\"inLanguage\":\"en-US\",\"@id\":\"https:\/\/styrke.no\/sdaf\/#\/schema\/logo\/image\/\",\"url\":\"https:\/\/styrke.no\/content\/uploads\/sites\/27\/2024\/10\/Isolation_Mode.svg\",\"contentUrl\":\"https:\/\/styrke.no\/content\/uploads\/sites\/27\/2024\/10\/Isolation_Mode.svg\",\"width\":185,\"height\":54,\"caption\":\"Shelf Drilling Ansattes Forening\"},\"image\":{\"@id\":\"https:\/\/styrke.no\/sdaf\/#\/schema\/logo\/image\/\"}}]}<\/script>\n<!-- \/ Yoast SEO Premium plugin. -->","yoast_head_json":{"title":"Forside - Shelf Drilling Ansattes Forening","robots":{"index":"index","follow":"follow","max-snippet":"max-snippet:-1","max-image-preview":"max-image-preview:large","max-video-preview":"max-video-preview:-1"},"canonical":"https:\/\/styrke.no\/sdaf\/","og_locale":"en_US","og_type":"article","og_title":"Forside","og_url":"https:\/\/styrke.no\/sdaf\/","og_site_name":"Shelf Drilling Ansattes Forening","article_modified_time":"2025-07-15T10:43:36+00:00","twitter_card":"summary_large_image","schema":{"@context":"https:\/\/schema.org","@graph":[{"@type":"WebPage","@id":"https:\/\/styrke.no\/sdaf\/","url":"https:\/\/styrke.no\/sdaf\/","name":"Forside - Shelf Drilling Ansattes Forening","isPartOf":{"@id":"https:\/\/styrke.no\/sdaf\/#website"},"datePublished":"2021-09-23T11:29:47+00:00","dateModified":"2025-07-15T10:43:36+00:00","breadcrumb":{"@id":"https:\/\/styrke.no\/sdaf\/#breadcrumb"},"inLanguage":"en-US","potentialAction":[{"@type":"ReadAction","target":["https:\/\/styrke.no\/sdaf\/"]}]},{"@type":"BreadcrumbList","@id":"https:\/\/styrke.no\/sdaf\/#breadcrumb","itemListElement":[{"@type":"ListItem","position":1,"name":"Hjem","item":"https:\/\/styrke.no\/sdaf\/"},{"@type":"ListItem","position":2,"name":"Forside"}]},{"@type":"WebSite","@id":"https:\/\/styrke.no\/sdaf\/#website","url":"https:\/\/styrke.no\/sdaf\/","name":"Shelf Drilling Ansattes Forening","description":"Enda et Styrke subsite-nettsted","publisher":{"@id":"https:\/\/styrke.no\/sdaf\/#organization"},"potentialAction":[{"@type":"SearchAction","target":{"@type":"EntryPoint","urlTemplate":"https:\/\/styrke.no\/sdaf\/?s={search_term_string}"},"query-input":"required name=search_term_string"}],"inLanguage":"en-US"},{"@type":"Organization","@id":"https:\/\/styrke.no\/sdaf\/#organization","name":"Shelf Drilling Ansattes Forening","url":"https:\/\/styrke.no\/sdaf\/","logo":{"@type":"ImageObject","inLanguage":"en-US","@id":"https:\/\/styrke.no\/sdaf\/#\/schema\/logo\/image\/","url":"https:\/\/styrke.no\/content\/uploads\/sites\/27\/2024\/10\/Isolation_Mode.svg","contentUrl":"https:\/\/styrke.no\/content\/uploads\/sites\/27\/2024\/10\/Isolation_Mode.svg","width":185,"height":54,"caption":"Shelf Drilling Ansattes Forening"},"image":{"@id":"https:\/\/styrke.no\/sdaf\/#\/schema\/logo\/image\/"}}]}},"acf":[],"_links":{"self":[{"href":"https:\/\/styrke.no\/sdaf\/wp-json\/wp\/v2\/pages\/4"}],"collection":[{"href":"https:\/\/styrke.no\/sdaf\/wp-json\/wp\/v2\/pages"}],"about":[{"href":"https:\/\/styrke.no\/sdaf\/wp-json\/wp\/v2\/types\/page"}],"author":[{"embeddable":true,"href":"https:\/\/styrke.no\/sdaf\/wp-json\/wp\/v2\/users\/121"}],"replies":[{"embeddable":true,"href":"https:\/\/styrke.no\/sdaf\/wp-json\/wp\/v2\/comments?post=4"}],"version-history":[{"count":22,"href":"https:\/\/styrke.no\/sdaf\/wp-json\/wp\/v2\/pages\/4\/revisions"}],"predecessor-version":[{"id":457,"href":"https:\/\/styrke.no\/sdaf\/wp-json\/wp\/v2\/pages\/4\/revisions\/457"}],"wp:attachment":[{"href":"https:\/\/styrke.no\/sdaf\/wp-json\/wp\/v2\/media?parent=4"}],"wp:term":[{"taxonomy":"news-tag","embeddable":true,"href":"https:\/\/styrke.no\/sdaf\/wp-json\/wp\/v2\/news-tag?post=4"}],"curies":[{"name":"wp","href":"https:\/\/api.w.org\/{rel}","templated":true}]}}