{"id":319,"date":"2026-03-05T09:14:55","date_gmt":"2026-03-05T08:14:55","guid":{"rendered":"https:\/\/styrke.no\/svenssonstiftelsen\/?page_id=319"},"modified":"2026-03-05T09:15:26","modified_gmt":"2026-03-05T08:15:26","slug":"prisvinnere","status":"publish","type":"page","link":"https:\/\/styrke.no\/svenssonprisen\/prisvinnere\/","title":{"rendered":"Prisvinnere"},"content":{"rendered":"\n<h1 class=\"wp-block-heading has-text-align-center\" id=\"h-prisvinnere\">Prisvinnere<\/h1>\n\n\n\n<p> <\/p>\n\n\n\n<h4 class=\"wp-block-heading has-text-align-center\" id=\"h-2025-aliaksandr-yarashuk\">2025 &#8211; Aliaksandr Yarashuk<\/h4>\n\n\n\n<figure class=\"wp-block-image aligncenter size-medium\"><img loading=\"lazy\" decoding=\"async\" width=\"300\" height=\"298\" src=\"https:\/\/styrke.no\/content\/uploads\/sites\/36\/2026\/03\/Aliaksandr-Yarashuk-300x298.png\" alt=\"\" class=\"wp-image-317\" srcset=\"https:\/\/styrke.no\/content\/uploads\/sites\/36\/2026\/03\/Aliaksandr-Yarashuk-300x298.png 300w, https:\/\/styrke.no\/content\/uploads\/sites\/36\/2026\/03\/Aliaksandr-Yarashuk-150x150.png 150w, https:\/\/styrke.no\/content\/uploads\/sites\/36\/2026\/03\/Aliaksandr-Yarashuk.png 398w\" sizes=\"(max-width: 300px) 100vw, 300px\" \/><\/figure>\n\n\n\n<p class=\"has-text-align-left\">\u201cArthur Svenssons internasjonale pris for faglige rettigheter\u201d 2025 g\u00e5r til Aliaksandr Yarashuk som har ofra personleg fridom for \u00e5 forsvare retten til \u00e5 organisere seg, handle kollektivt og drive fagforeiningsarbeid. Yarashuk er president i den uavhengige landsorganisasjonen i Belarus (BKDP), visepresident i den internasjonale faglege samorganisasjonen\u00a0 (ITUC) og medlem av styret i FNs internasjonale arbeidsorganisasjon (ILO). Han har vore fengsla sidan 2022 for sitt kompromisslause forsvar for grunnleggande arbeidstakarretar, menneskerettar og demokrati.<\/p>\n\n\n\n<p>Belarus vert rekna som det verste landa i Europa for arbeidarar. Etter presidentvalet i 2020, der resultatet openbart var falskt, vart situasjonen i landet forverra. Det er ikkje ytringsfridom eller organisasjonsfridom. Den uavhengige fagr\u00f8rsla er forboden, og arbeidarar som opponerer vert m\u00f8tt med oppseiing, trakassering, politivald, vilk\u00e5rleg fengsling, tortur og \u201cforsvinningar\u201d. Dette er del av regimet sin strategi for \u00e5 avskaffe den uavhengige fagr\u00f8rsla.&nbsp;<\/p>\n\n\n\n<p>Allereie i 2002 klaga Yarashuk og kollegane hans til ILO fordi Belarus ikkje etterlever&nbsp; ILO-konvensjonane. ILOs&nbsp; eigen unders\u00f8kingskomit\u00e9 har skrive rapportar om situasjonen i landet, men regjeringa har ikkje svara ut funna i rapportane eller f\u00f8lgd oppmodingane fr\u00e5 ILO. Den uavhengige fagr\u00f8rsla har arbeida for at ILO difor skal ta i bruk artikkel 33 i vedtektene, og i 2022 vann dei fram med kravet sitt. Dette er andre gang i historia at ILO brukar dette instrumentet som gjer at medlemslanda kan innf\u00f8re strenge sanksjonar mot Belarus. &nbsp;&nbsp;<\/p>\n\n\n\n<p>Etter Russlands invasjon av Ukraina 24. februar 2022, protesterte Yarashuk offentleg mot Belarus si deltaking i invasjonen. 19. april 2022 vart kontoret og heimen hans ransaka og elektronisk utstyr konfiskert. Yarashuk vart arrestert og plassert i varetek og sikta for \u201cgruppehandlingar som grovt krenker offentleg orden\u201d. I november 2022 vart det teke ut ny tiltale mot Yarashuk for blant anna krava hans om sanksjonar mot Belarus, og han vart d\u00f8mt til fire \u00e5r i fengsel for \u201ctrugslar mot nasjonal tryggleik\u201d. I april 2023 klassifiserte innalandsdepartementet dei politiske fangane som \u201cekstremistar\u201d. &nbsp;<\/p>\n\n\n\n<p>I 2021 fekk den uavhengige fagr\u00f8rsla i Belarus, representert ved hovudorganisasjonen BKDP og medlemsforbunda, \u201cArthur Svenssons internasjonale pris for faglige rettigheter\u201d for den uredde kampen for demokrati og grunnleggande faglege rettar i Belarus. Diverre vart den uavhengige fagr\u00f8rsla forboden i 2022 og ei rekke aktivistar, som Yarashuk og kollegane hans, vart fengsla eller m\u00e5tte r\u00f8mme landet. &nbsp;<\/p>\n\n\n\n<p>Situasjonen for arbeidarar og den uavhengige fagr\u00f8rsla i Belarus har g\u00e5tt fr\u00e5 vondt til verre, men Yarashuk lar seg ikkje skremme til stillheit. Med livet som innsats, nektar han \u00e5 gi opp. Regimet \u00f8nskjer \u00e5 straffe han for dette motet, og \u00e5 isolere han fr\u00e5 \u00e5 delta i ILO og andre arenaar der han argumenterer for grunnleggande arbeidstakarrettar i Belarus.<\/p>\n\n\n\n<p>Komiteen \u00f8nskjer med denne tildelinga \u00e5 heidre Yarashuk sitt mot og langvarige kamp for faglege rettar.<\/p>\n\n\n\n<p> <\/p>\n\n\n\n<h4 class=\"wp-block-heading has-text-align-center\" id=\"h-2024-khaing-zar-aung\">2024\u00a0&#8211; Khaing Zar Aung<\/h4>\n\n\n\n<figure class=\"wp-block-image aligncenter size-full\"><img loading=\"lazy\" decoding=\"async\" width=\"467\" height=\"358\" src=\"https:\/\/styrke.no\/content\/uploads\/sites\/36\/2026\/03\/KhaingZarAung.png\" alt=\"\" class=\"wp-image-318\" srcset=\"https:\/\/styrke.no\/content\/uploads\/sites\/36\/2026\/03\/KhaingZarAung.png 467w, https:\/\/styrke.no\/content\/uploads\/sites\/36\/2026\/03\/KhaingZarAung-300x230.png 300w\" sizes=\"(max-width: 467px) 100vw, 467px\" \/><\/figure>\n\n\n\n<p><span style=\"text-decoration: underline;\"><a href=\"https:\/\/www.youtube.com\/watch?v=Wt1kn1dT1YU\" target=\"_blank\" rel=\"noreferrer noopener\">Se begrunnelse p\u00e5 video<\/a><\/span><\/p>\n\n\n\n<p>\u00abArthur Svenssons Internasjonale Pris for Faglige Rettigheter\u00bb 2024 g\u00e5r til den modige fagforeningslederen Khaing Zar Aung fra Myanmar.<\/p>\n\n\n\n<p>Khaing Zar Aung begynte \u00e5 jobbe som 16-\u00e5ring i tekstilfabrikk. Hun ble aktiv i fagbevegelsen for 17 \u00e5r siden da hun jobbet som migrantarbeider i Thailand. I eksil jobbet hun med \u00e5 l\u00e6re opp andre migrantarbeidere i deres rettigheter. Da den demokratiske overgangen begynte, vendte hun tilbake til Myanmar og ble etter kort tid leder av Industrial Workers&#8217; Federation of Myanmar (IWFM) og en del av ledelsen i den st\u00f8rste fagforeningen Confederation of Trade Unions of Myanmar (CTUM) som var forbudt i Myanmar frem til 2012. Under hennes ledelse klarte fagforeningen \u00e5 organisere arbeiderne, for det meste unge kvinner, i tekstilindustrien som ekspanderte raskt da flere internasjonale merker flyttet produksjonen dit p\u00e5 grunn av billig arbeidskraft.<\/p>\n\n\n\n<p>\u200bEtter det blodige milit\u00e6rkuppet i 2021 ble Khaing Zar Aung nok en gang tvunget i eksil, denne gangen i Tyskland. Hun har st\u00e5tt fram som stemmen til fagbevegelsen i Myanmar i Europa og i globale fora. Hun kjemper mot milit\u00e6rjuntaen i internasjonale organer, mobiliserer for internasjonal solidaritet, legger press p\u00e5 internasjonale merkevarer for at de skal trekke seg ut av Myanmar, og har aksjonert for at EU skal trekke tilbake handelspreferanser s\u00e5 lenge milit\u00e6rjuntaen sitter ved makten.<\/p>\n\n\n\n<p>\u200bMilit\u00e6rjuntaen har n\u00e5 sittet ved makten i tre \u00e5r ved hjelp av milit\u00e6rmakt. Minst 4.600 mennesker er drept og 25-30.000 har blitt arrestert. Mange av disse er fagforeningsaktivister som har deltatt i motstandskampen. Juntaen respekterer ikke menneskerettighetene.<\/p>\n\n\n\n<p>\u200bFagbevegelsen har v\u00e6rt sentral i de store protestene og kampen mot milit\u00e6rjuntaen. En bred allianse av fagforeninger dannet Myanmar Labour Alliance som bidro til \u00e5 danne en landsomfattende Civil Disobedience Movement til st\u00f8tte for den demokratiske regjeringen (National Unity Government, NUG). Etter milit\u00e6rkuppet har det oppst\u00e5tt en sterk allianse mellom ulike etniske grupper, ungdom, studenter, politiske grupperinger og fagforeninger som krever ekte demokrati og en f\u00f8deral stat, ikke bare gjenoppretting av det som var f\u00f8r 2021. I denne alliansen har kvinnelige tekstilarbeidere med ledere som Khaing Zar Aung en veldig viktig rolle. I dag g\u00e5r motstandsbevegelsen fram, og det er virkelig h\u00e5p om at den kan lykkes.<\/p>\n\n\n\n<p>\u200bMed denne prisen \u00f8nsker priskomiteen \u00e5 sette s\u00f8kelyset p\u00e5 motstandskampen mot milit\u00e6rregimet i Myanmar og kampen for reelt demokrati, inkludert grunnleggende arbeidstakerrettigheter. I denne kampen er fagbevegelsen, tillitsvalgte og medlemmer helt sentrale. Khaing Zar Aung er et symbol p\u00e5 alle de som ofrer all sin tid for et bedre samfunn.<\/p>\n\n\n\n<p><\/p>\n","protected":false},"excerpt":{"rendered":"<p>Prisvinnere 2025 &#8211; Aliaksandr Yarashuk \u201cArthur Svenssons internasjonale pris for faglige rettigheter\u201d 2025 g\u00e5r til Aliaksandr Yarashuk som har ofra \u2026 <\/p>\n","protected":false},"author":121,"featured_media":0,"parent":0,"menu_order":0,"comment_status":"closed","ping_status":"closed","template":"","meta":{"_acf_changed":false,"teft_cards_image_id":0,"teft_cards_image_focal_point_x":0,"teft_cards_image_focal_point_y":0,"teft_cards_title":"","teft_cards_excerpt":"","footnotes":""},"news-tag":[],"class_list":["post-319","page","type-page","status-publish","hentry"],"yoast_head":"<!-- This site is optimized with the Yoast SEO Premium plugin v22.4 (Yoast SEO v23.0) - https:\/\/yoast.com\/wordpress\/plugins\/seo\/ -->\n<title>Prisvinnere - Svenssonprisen<\/title>\n<meta name=\"robots\" content=\"index, follow, max-snippet:-1, max-image-preview:large, max-video-preview:-1\" \/>\n<link rel=\"canonical\" href=\"https:\/\/styrke.no\/svenssonprisen\/prisvinnere\/\" \/>\n<meta property=\"og:locale\" content=\"nb_NO\" \/>\n<meta property=\"og:type\" content=\"article\" \/>\n<meta property=\"og:title\" content=\"Prisvinnere\" \/>\n<meta property=\"og:description\" content=\"Prisvinnere 2025 &#8211; Aliaksandr Yarashuk \u201cArthur Svenssons internasjonale pris for faglige rettigheter\u201d 2025 g\u00e5r til Aliaksandr Yarashuk som har ofra \u2026\" \/>\n<meta property=\"og:url\" content=\"https:\/\/styrke.no\/svenssonprisen\/prisvinnere\/\" \/>\n<meta property=\"og:site_name\" content=\"Svenssonprisen\" \/>\n<meta property=\"article:modified_time\" content=\"2026-03-05T08:15:26+00:00\" \/>\n<meta property=\"og:image\" content=\"https:\/\/styrke.no\/content\/uploads\/sites\/36\/2026\/03\/Aliaksandr-Yarashuk-300x298.png\" \/>\n<meta name=\"twitter:card\" content=\"summary_large_image\" \/>\n<meta name=\"twitter:label1\" content=\"Ansl. lesetid\" \/>\n\t<meta name=\"twitter:data1\" content=\"6 minutter\" \/>\n<script type=\"application\/ld+json\" class=\"yoast-schema-graph\">{\"@context\":\"https:\/\/schema.org\",\"@graph\":[{\"@type\":\"WebPage\",\"@id\":\"https:\/\/styrke.no\/svenssonprisen\/prisvinnere\/\",\"url\":\"https:\/\/styrke.no\/svenssonprisen\/prisvinnere\/\",\"name\":\"Prisvinnere - Svenssonprisen\",\"isPartOf\":{\"@id\":\"https:\/\/styrke.no\/svenssonprisen\/#website\"},\"primaryImageOfPage\":{\"@id\":\"https:\/\/styrke.no\/svenssonprisen\/prisvinnere\/#primaryimage\"},\"image\":{\"@id\":\"https:\/\/styrke.no\/svenssonprisen\/prisvinnere\/#primaryimage\"},\"thumbnailUrl\":\"https:\/\/styrke.no\/content\/uploads\/sites\/36\/2026\/03\/Aliaksandr-Yarashuk-300x298.png\",\"datePublished\":\"2026-03-05T08:14:55+00:00\",\"dateModified\":\"2026-03-05T08:15:26+00:00\",\"breadcrumb\":{\"@id\":\"https:\/\/styrke.no\/svenssonprisen\/prisvinnere\/#breadcrumb\"},\"inLanguage\":\"nb-NO\",\"potentialAction\":[{\"@type\":\"ReadAction\",\"target\":[\"https:\/\/styrke.no\/svenssonprisen\/prisvinnere\/\"]}]},{\"@type\":\"ImageObject\",\"inLanguage\":\"nb-NO\",\"@id\":\"https:\/\/styrke.no\/svenssonprisen\/prisvinnere\/#primaryimage\",\"url\":\"https:\/\/styrke.no\/content\/uploads\/sites\/36\/2026\/03\/Aliaksandr-Yarashuk-300x298.png\",\"contentUrl\":\"https:\/\/styrke.no\/content\/uploads\/sites\/36\/2026\/03\/Aliaksandr-Yarashuk-300x298.png\"},{\"@type\":\"BreadcrumbList\",\"@id\":\"https:\/\/styrke.no\/svenssonprisen\/prisvinnere\/#breadcrumb\",\"itemListElement\":[{\"@type\":\"ListItem\",\"position\":1,\"name\":\"Hjem\",\"item\":\"https:\/\/styrke.no\/svenssonprisen\/\"},{\"@type\":\"ListItem\",\"position\":2,\"name\":\"Prisvinnere\"}]},{\"@type\":\"WebSite\",\"@id\":\"https:\/\/styrke.no\/svenssonprisen\/#website\",\"url\":\"https:\/\/styrke.no\/svenssonprisen\/\",\"name\":\"Svenssonprisen\",\"description\":\"\",\"publisher\":{\"@id\":\"https:\/\/styrke.no\/svenssonprisen\/#organization\"},\"potentialAction\":[{\"@type\":\"SearchAction\",\"target\":{\"@type\":\"EntryPoint\",\"urlTemplate\":\"https:\/\/styrke.no\/svenssonprisen\/?s={search_term_string}\"},\"query-input\":\"required name=search_term_string\"}],\"inLanguage\":\"nb-NO\"},{\"@type\":\"Organization\",\"@id\":\"https:\/\/styrke.no\/svenssonprisen\/#organization\",\"name\":\"Svenssonprisen\",\"url\":\"https:\/\/styrke.no\/svenssonprisen\/\",\"logo\":{\"@type\":\"ImageObject\",\"inLanguage\":\"nb-NO\",\"@id\":\"https:\/\/styrke.no\/svenssonprisen\/#\/schema\/logo\/image\/\",\"url\":\"https:\/\/styrke.no\/content\/uploads\/sites\/36\/2026\/02\/as.png\",\"contentUrl\":\"https:\/\/styrke.no\/content\/uploads\/sites\/36\/2026\/02\/as.png\",\"width\":97,\"height\":112,\"caption\":\"Svenssonprisen\"},\"image\":{\"@id\":\"https:\/\/styrke.no\/svenssonprisen\/#\/schema\/logo\/image\/\"}}]}<\/script>\n<!-- \/ Yoast SEO Premium plugin. -->","yoast_head_json":{"title":"Prisvinnere - Svenssonprisen","robots":{"index":"index","follow":"follow","max-snippet":"max-snippet:-1","max-image-preview":"max-image-preview:large","max-video-preview":"max-video-preview:-1"},"canonical":"https:\/\/styrke.no\/svenssonprisen\/prisvinnere\/","og_locale":"nb_NO","og_type":"article","og_title":"Prisvinnere","og_description":"Prisvinnere 2025 &#8211; Aliaksandr Yarashuk \u201cArthur Svenssons internasjonale pris for faglige rettigheter\u201d 2025 g\u00e5r til Aliaksandr Yarashuk som har ofra \u2026","og_url":"https:\/\/styrke.no\/svenssonprisen\/prisvinnere\/","og_site_name":"Svenssonprisen","article_modified_time":"2026-03-05T08:15:26+00:00","og_image":[{"url":"https:\/\/styrke.no\/content\/uploads\/sites\/36\/2026\/03\/Aliaksandr-Yarashuk-300x298.png"}],"twitter_card":"summary_large_image","twitter_misc":{"Ansl. lesetid":"6 minutter"},"schema":{"@context":"https:\/\/schema.org","@graph":[{"@type":"WebPage","@id":"https:\/\/styrke.no\/svenssonprisen\/prisvinnere\/","url":"https:\/\/styrke.no\/svenssonprisen\/prisvinnere\/","name":"Prisvinnere - Svenssonprisen","isPartOf":{"@id":"https:\/\/styrke.no\/svenssonprisen\/#website"},"primaryImageOfPage":{"@id":"https:\/\/styrke.no\/svenssonprisen\/prisvinnere\/#primaryimage"},"image":{"@id":"https:\/\/styrke.no\/svenssonprisen\/prisvinnere\/#primaryimage"},"thumbnailUrl":"https:\/\/styrke.no\/content\/uploads\/sites\/36\/2026\/03\/Aliaksandr-Yarashuk-300x298.png","datePublished":"2026-03-05T08:14:55+00:00","dateModified":"2026-03-05T08:15:26+00:00","breadcrumb":{"@id":"https:\/\/styrke.no\/svenssonprisen\/prisvinnere\/#breadcrumb"},"inLanguage":"nb-NO","potentialAction":[{"@type":"ReadAction","target":["https:\/\/styrke.no\/svenssonprisen\/prisvinnere\/"]}]},{"@type":"ImageObject","inLanguage":"nb-NO","@id":"https:\/\/styrke.no\/svenssonprisen\/prisvinnere\/#primaryimage","url":"https:\/\/styrke.no\/content\/uploads\/sites\/36\/2026\/03\/Aliaksandr-Yarashuk-300x298.png","contentUrl":"https:\/\/styrke.no\/content\/uploads\/sites\/36\/2026\/03\/Aliaksandr-Yarashuk-300x298.png"},{"@type":"BreadcrumbList","@id":"https:\/\/styrke.no\/svenssonprisen\/prisvinnere\/#breadcrumb","itemListElement":[{"@type":"ListItem","position":1,"name":"Hjem","item":"https:\/\/styrke.no\/svenssonprisen\/"},{"@type":"ListItem","position":2,"name":"Prisvinnere"}]},{"@type":"WebSite","@id":"https:\/\/styrke.no\/svenssonprisen\/#website","url":"https:\/\/styrke.no\/svenssonprisen\/","name":"Svenssonprisen","description":"","publisher":{"@id":"https:\/\/styrke.no\/svenssonprisen\/#organization"},"potentialAction":[{"@type":"SearchAction","target":{"@type":"EntryPoint","urlTemplate":"https:\/\/styrke.no\/svenssonprisen\/?s={search_term_string}"},"query-input":"required name=search_term_string"}],"inLanguage":"nb-NO"},{"@type":"Organization","@id":"https:\/\/styrke.no\/svenssonprisen\/#organization","name":"Svenssonprisen","url":"https:\/\/styrke.no\/svenssonprisen\/","logo":{"@type":"ImageObject","inLanguage":"nb-NO","@id":"https:\/\/styrke.no\/svenssonprisen\/#\/schema\/logo\/image\/","url":"https:\/\/styrke.no\/content\/uploads\/sites\/36\/2026\/02\/as.png","contentUrl":"https:\/\/styrke.no\/content\/uploads\/sites\/36\/2026\/02\/as.png","width":97,"height":112,"caption":"Svenssonprisen"},"image":{"@id":"https:\/\/styrke.no\/svenssonprisen\/#\/schema\/logo\/image\/"}}]}},"acf":[],"_links":{"self":[{"href":"https:\/\/styrke.no\/svenssonprisen\/wp-json\/wp\/v2\/pages\/319"}],"collection":[{"href":"https:\/\/styrke.no\/svenssonprisen\/wp-json\/wp\/v2\/pages"}],"about":[{"href":"https:\/\/styrke.no\/svenssonprisen\/wp-json\/wp\/v2\/types\/page"}],"author":[{"embeddable":true,"href":"https:\/\/styrke.no\/svenssonprisen\/wp-json\/wp\/v2\/users\/121"}],"replies":[{"embeddable":true,"href":"https:\/\/styrke.no\/svenssonprisen\/wp-json\/wp\/v2\/comments?post=319"}],"version-history":[{"count":4,"href":"https:\/\/styrke.no\/svenssonprisen\/wp-json\/wp\/v2\/pages\/319\/revisions"}],"predecessor-version":[{"id":324,"href":"https:\/\/styrke.no\/svenssonprisen\/wp-json\/wp\/v2\/pages\/319\/revisions\/324"}],"wp:attachment":[{"href":"https:\/\/styrke.no\/svenssonprisen\/wp-json\/wp\/v2\/media?parent=319"}],"wp:term":[{"taxonomy":"news-tag","embeddable":true,"href":"https:\/\/styrke.no\/svenssonprisen\/wp-json\/wp\/v2\/news-tag?post=319"}],"curies":[{"name":"wp","href":"https:\/\/api.w.org\/{rel}","templated":true}]}}